{"id":8875,"date":"2023-05-24T16:57:10","date_gmt":"2023-05-24T14:57:10","guid":{"rendered":"https:\/\/www.msd.ch\/de\/?page_id=8875"},"modified":"2026-03-10T09:32:08","modified_gmt":"2026-03-10T08:32:08","slug":"60-years-of-msd-switzerland","status":"publish","type":"page","link":"https:\/\/www.msd.ch\/de\/60-years-of-msd-switzerland\/","title":{"rendered":"60 Jahre MSD Schweiz"},"content":{"rendered":"\n<div id=\"mco-b2-hero-block-block_9a1d5367ee3844e35918ddf5c6d5f319\" class=\"mco-b2-hero-block full mccberg-block\">\n    <div class=\"mco-b2-hero-block-wrapper\">\n        <div class=\"mco-b2-hero-block-image-section \">\n                            <div class=\"mco-b2-hero-block-image-container \">\n                    <picture >\n\t<source media=\"(max-width: 767px)\" data-srcset=\"https:\/\/www.msd.ch\/de\/wp-content\/uploads\/sites\/88\/2023\/05\/Change-Sign-after-merger-1956-e1684858228834.jpg?w=768\" srcset=\"https:\/\/www.msd.ch\/de\/wp-content\/uploads\/sites\/88\/2023\/05\/Change-Sign-after-merger-1956-e1684858228834.jpg?w=768\" >\n<source media=\"(min-width: 768px) and (max-width: 1199px)\" data-srcset=\"https:\/\/www.msd.ch\/de\/wp-content\/uploads\/sites\/88\/2023\/05\/Change-Sign-after-merger-1956-e1684858228834.jpg?h=768\" srcset=\"https:\/\/www.msd.ch\/de\/wp-content\/uploads\/sites\/88\/2023\/05\/Change-Sign-after-merger-1956-e1684858228834.jpg?h=768\" >\n<source media=\"(min-width: 1200px) and (max-width: 1919px)\" data-srcset=\"https:\/\/www.msd.ch\/de\/wp-content\/uploads\/sites\/88\/2023\/05\/Change-Sign-after-merger-1956-e1684858228834.jpg?w=1200\" srcset=\"https:\/\/www.msd.ch\/de\/wp-content\/uploads\/sites\/88\/2023\/05\/Change-Sign-after-merger-1956-e1684858228834.jpg?w=1200\" >\n<source media=\"(min-width: 1920px)\" data-srcset=\"https:\/\/www.msd.ch\/de\/wp-content\/uploads\/sites\/88\/2023\/05\/Change-Sign-after-merger-1956-e1684858228834.jpg?w=1920\" srcset=\"https:\/\/www.msd.ch\/de\/wp-content\/uploads\/sites\/88\/2023\/05\/Change-Sign-after-merger-1956-e1684858228834.jpg?w=1920\" >\n\t<img data-src=\"https:\/\/www.msd.ch\/de\/wp-content\/uploads\/sites\/88\/2023\/05\/Change-Sign-after-merger-1956-e1684858228834.jpg?w=1920\" alt=\"Mann beschreibt das Firmenschild von Merck &amp; Co., Inc., Rahway, NJ, USA\" class=\"eager \" loading=\"eager\" \/>\n<\/picture>                                    <\/div>\n                        <div class=\"mco-b2-hero-block-image-container-two\">\n                            <\/div>\n        <\/div>\n\n        <div class=\"mco-b2-hero-block-content-section\">\n                                        <small class=\"tagline\">Unternehmen<\/small>\n            \n                            <h1>60 Jahre MSD Schweiz <\/h1>\n            \n                            <div class=\"mco-b2-hero-block-description\"><p><strong>Unsere Erfolgsgeschichte<\/strong><\/p>\n<p>Mit einer Niederlassung in Luzern im Jahr 1963 begann unsere Erfolgsgeschichte. Sie ist von bedeutenden Meilensteinen gepr\u00e4gt, die uns zu dem machen, was wir heute sind: eines der f\u00fchrenden, forschenden biopharmazeutischen Unternehmen in der Schweiz.<\/p>\n<p>Wie alles begann und wer wir heute sind.<\/p>\n<\/div>\n            \n                    <\/div>\n    <\/div>\n\n    \n<\/div>\n\n\n\n\n<div class=\"testimonial-container mccberg-block\">\n\n<div class=\"testimonial-slider\">\n\n\t\t<div class=\"testimonial-slider-item\">\n\n\t\t<div class=\"column-wrap\">\n\n\t\t\t\n\t\t\t<div class=\"column full-width\">\n\t\t\t\t<blockquote class=\"curly-quotes\">\n\t\t\t\t\t<h2>\u00abWir geben t\u00e4glich unser Bestes, damit Patientinnen und Patienten wertvolle Lebenszeit und Lebensqualit\u00e4t gewinnen.\u00bb<\/h2>\n\t\t\t\t<\/blockquote>\n\n\t\t\t\t<div class=\"testimonial-info\">\n\t\t\t\t\t\t\t\t\t\t\t\t<h5 class=\"testimonial-name\">Dimitri Gitas <\/h5>\n\t\t\t\t\t\t\t\t\t\t\t\t\t\t\t\t\t\t<p class=\"testimonial-pos-loc\">Managing Director &#183; MSD Schweiz<\/p>\n\t\t\t\t\t\t\t\t\t<\/div>\n\t\t\t\t\t\t\t\t<div class=\"testimonial-cta\">\n\t\t\t\t\t\t\t\t\t\t\t\t\t\t<\/div>\n\t\t\t\t\n\t\t\t<div class=\"testimonial-nav\">\n\t\n\t\t<div id=\"testimonial-nav-prev\" class=\"btn-previous\">\n\t\t\t<svg class=\"btn-previous-wrapper\" xmlns=\"http:\/\/www.w3.org\/2000\/svg\">\n\t<title>Previous<\/title>\n\t<path class=\"btn-previous-meter\" d=\"M8.5,16.5a8,8,0,1,1,8-8A8.009,8.009,0,0,1,8.5,16.5Z\" \/>\n\t<path class=\"btn-next-progress\" d=\"M8.5,16.5a8,8,0,1,1,8-8A8.009,8.009,0,0,1,8.5,16.5Z\" \/>\n\t<image class=\"btn-previous-icon\" x=\"5\" y=\"4\" width=\"6\" height=\"10\" xlink:href=\"\/wp-content\/themes\/cex-wpvip-mhh-mhh2-mcc-theme\/images\/arrow-left.svg\" \/>\n\t<image class=\"btn-previous-icon-hover\" x=\"5\" y=\"4\" width=\"6\" height=\"10\" xlink:href=\"\/wp-content\/themes\/cex-wpvip-mhh-mhh2-mcc-theme\/images\/arrow-left-white.svg\" \/>\n<\/svg>\n\t\t<\/div>\n\t\t<div id=\"testimonial-nav-next\" class=\"btn-next\">\n\t\t\t<svg class=\"btn-next-wrapper\" xmlns=\"http:\/\/www.w3.org\/2000\/svg\">\n\t<title>Next<\/title>\n\t<path class=\"btn-next-meter\" d=\"M8.5,16.5a8,8,0,1,1,8-8A8.009,8.009,0,0,1,8.5,16.5Z\" \/>\n\t<path class=\"btn-next-progress\" d=\"M8.5,16.5a8,8,0,1,1,8-8A8.009,8.009,0,0,1,8.5,16.5Z\" \/>\n\t<image class=\"btn-next-icon\" x=\"6\" y=\"4\" width=\"6\" height=\"10\" xlink:href=\"\/wp-content\/themes\/cex-wpvip-mhh-mhh2-mcc-theme\/images\/arrow-right.svg\" \/>\n\t<image class=\"btn-next-icon-hover\" x=\"6\" y=\"4\" width=\"6\" height=\"10\" xlink:href=\"\/wp-content\/themes\/cex-wpvip-mhh-mhh2-mcc-theme\/images\/arrow-right-white.svg\" \/>\n<\/svg>\n\t\t<\/div>\n\t\n<\/div>\n\t\t\t<\/div>\n\n\t\t<\/div>\n\n\t<\/div>\n\t\n<\/div>\n\n\n\n<\/div>\n\n\n\n<h2 class=\"wp-block-heading has-text-align-center\">Unsere Meilensteine in der Schweiz<\/h2>\n\n\n<div id=\"mco-b5-content-block-block_2fbc41dfaf7a9488f3f65d08cb57eedf\"\n     class=\"mco-b5-content-block mccberg-block left\">\n    <div class=\"wrapper\">\n\t\t\t\t\t\t\t            <div class=\"mco-b5-content-block-image-section \">\n\t\t\t\t                <picture aria-label=\"M\u00e4nner sitzen am Tisch und unterzeichnen Vertr\u00e4ge\">\n                                                                        <source media=\"(max-width: 767px)\"\n                                    data-srcset=\"https:\/\/www.msd.ch\/de\/wp-content\/uploads\/sites\/88\/2023\/05\/1963-First-Swiss-Subsidiary-founded.jpeg?resize=696,425\"\n                                    srcset=\"https:\/\/www.msd.ch\/de\/wp-content\/uploads\/sites\/88\/2023\/05\/1963-First-Swiss-Subsidiary-founded.jpeg?resize=696,425\" \/>\n                                                                                                <source media=\"(min-width: 768px) and (max-width: 1199px)\"\n                                    data-srcset=\"https:\/\/www.msd.ch\/de\/wp-content\/uploads\/sites\/88\/2023\/05\/1963-First-Swiss-Subsidiary-founded.jpeg?resize=384,468\"\n                                    srcset=\"https:\/\/www.msd.ch\/de\/wp-content\/uploads\/sites\/88\/2023\/05\/1963-First-Swiss-Subsidiary-founded.jpeg?resize=384,468\" \/>\n                                                                                                <source media=\"(min-width: 1200px)\"\n                                    data-srcset=\"https:\/\/www.msd.ch\/de\/wp-content\/uploads\/sites\/88\/2023\/05\/1963-First-Swiss-Subsidiary-founded.jpeg?resize=750,650\"\n                                    srcset=\"https:\/\/www.msd.ch\/de\/wp-content\/uploads\/sites\/88\/2023\/05\/1963-First-Swiss-Subsidiary-founded.jpeg?resize=750,650\" \/>\n                                                                                                <source media=\"(min-width: 1600px)\"\n                                    data-srcset=\"https:\/\/www.msd.ch\/de\/wp-content\/uploads\/sites\/88\/2023\/05\/1963-First-Swiss-Subsidiary-founded.jpeg?resize=850,744\"\n                                    srcset=\"https:\/\/www.msd.ch\/de\/wp-content\/uploads\/sites\/88\/2023\/05\/1963-First-Swiss-Subsidiary-founded.jpeg?resize=850,744\" \/>\n                                                                                                <source media=\"(min-width: 1920px)\"\n                                    data-srcset=\"https:\/\/www.msd.ch\/de\/wp-content\/uploads\/sites\/88\/2023\/05\/1963-First-Swiss-Subsidiary-founded.jpeg?resize=980,832\"\n                                    srcset=\"https:\/\/www.msd.ch\/de\/wp-content\/uploads\/sites\/88\/2023\/05\/1963-First-Swiss-Subsidiary-founded.jpeg?resize=980,832\" \/>\n                                                                                                <img\n                                data-src=\"https:\/\/www.msd.ch\/de\/wp-content\/uploads\/sites\/88\/2023\/05\/1963-First-Swiss-Subsidiary-founded.jpeg?resize=650,544\"\n                                alt=\"M\u00e4nner sitzen am Tisch und unterzeichnen Vertr\u00e4ge\"\n                                class=\"lazyload parallax-scroll\"\n                                loading=\"lazy\"\n                            \/>\n                                                            <\/picture>\n\t\t\t\t            <\/div>\n\t\t        <div class=\"mco-b5-content-block-content-section\">\n\t\t\t\n\t\t\t                <h3 class=\"mco-b5-content-block-heading mcc-b5-normal-title\">\n                    1963                <\/h3 >\n\t\t\t\n\t\t\t                <div class=\"mco-b5-content-block-description\"><h4>Er\u00f6ffnung der ersten Schweizer Niederlassung von MSD in Luzern<\/h4>\n<p>Im gleichen Jahr er\u00f6ffnet Schering-Plough mit der Essex Chemie AG eine Niederlassung in Luzern.<\/p>\n<p>(<em>Schering-Plough und MSD fusionieren sp\u00e4ter weltweit.)<\/em><\/p>\n<\/div>\n\t\t\t\n                        <div class=\"mco-b5-content-block-content-buttons-container\">\n\t\t\t\t\t\t\t\t\t\t\t\t            <\/div>\n        <\/div>\n    <\/div>\n<\/div>\n<div class=\"mco-b5-content-block-modal popup\" style=\"display: none;\" role=\"dialog\" >\n    <div class=\"popup-wrapper\">\n        <div class=\"mco-b5-content-block-modal-content popup-content\">\n            <button class=\"mco-b5-content-block-modal-close popup-close\" >&times;<\/button>\n            <div class=\"mco-b5-content-block-modal-video\"><\/div>\n        <\/div>\n    <\/div>\n<\/div>\n\n\n<div id=\"mco-b5-content-block-block_8c17b0055e1c0d7b32a775de6bdc37dd\"\n     class=\"mco-b5-content-block mccberg-block right\">\n    <div class=\"wrapper\">\n\t\t\t\t\t\t\t            <div class=\"mco-b5-content-block-image-section \">\n\t\t\t\t                <picture aria-label=\"Festlich gekleidete Personen auf der Terrasse\">\n                                                                        <source media=\"(max-width: 767px)\"\n                                    data-srcset=\"https:\/\/www.msd.ch\/de\/wp-content\/uploads\/sites\/88\/2023\/05\/Eroffnung_WerthensteinChemieAG_1976.jpg?resize=696,425\"\n                                    srcset=\"https:\/\/www.msd.ch\/de\/wp-content\/uploads\/sites\/88\/2023\/05\/Eroffnung_WerthensteinChemieAG_1976.jpg?resize=696,425\" \/>\n                                                                                                <source media=\"(min-width: 768px) and (max-width: 1199px)\"\n                                    data-srcset=\"https:\/\/www.msd.ch\/de\/wp-content\/uploads\/sites\/88\/2023\/05\/Eroffnung_WerthensteinChemieAG_1976.jpg?resize=384,468\"\n                                    srcset=\"https:\/\/www.msd.ch\/de\/wp-content\/uploads\/sites\/88\/2023\/05\/Eroffnung_WerthensteinChemieAG_1976.jpg?resize=384,468\" \/>\n                                                                                                <source media=\"(min-width: 1200px)\"\n                                    data-srcset=\"https:\/\/www.msd.ch\/de\/wp-content\/uploads\/sites\/88\/2023\/05\/Eroffnung_WerthensteinChemieAG_1976.jpg?resize=750,650\"\n                                    srcset=\"https:\/\/www.msd.ch\/de\/wp-content\/uploads\/sites\/88\/2023\/05\/Eroffnung_WerthensteinChemieAG_1976.jpg?resize=750,650\" \/>\n                                                                                                <source media=\"(min-width: 1600px)\"\n                                    data-srcset=\"https:\/\/www.msd.ch\/de\/wp-content\/uploads\/sites\/88\/2023\/05\/Eroffnung_WerthensteinChemieAG_1976.jpg?resize=850,744\"\n                                    srcset=\"https:\/\/www.msd.ch\/de\/wp-content\/uploads\/sites\/88\/2023\/05\/Eroffnung_WerthensteinChemieAG_1976.jpg?resize=850,744\" \/>\n                                                                                                <source media=\"(min-width: 1920px)\"\n                                    data-srcset=\"https:\/\/www.msd.ch\/de\/wp-content\/uploads\/sites\/88\/2023\/05\/Eroffnung_WerthensteinChemieAG_1976.jpg?resize=980,832\"\n                                    srcset=\"https:\/\/www.msd.ch\/de\/wp-content\/uploads\/sites\/88\/2023\/05\/Eroffnung_WerthensteinChemieAG_1976.jpg?resize=980,832\" \/>\n                                                                                                <img\n                                data-src=\"https:\/\/www.msd.ch\/de\/wp-content\/uploads\/sites\/88\/2023\/05\/Eroffnung_WerthensteinChemieAG_1976.jpg?resize=650,544\"\n                                alt=\"Festlich gekleidete Personen auf der Terrasse\"\n                                class=\"lazyload parallax-scroll\"\n                                loading=\"lazy\"\n                            \/>\n                                                            <\/picture>\n\t\t\t\t            <\/div>\n\t\t        <div class=\"mco-b5-content-block-content-section\">\n\t\t\t\n\t\t\t                <h3 class=\"mco-b5-content-block-heading mcc-b5-normal-title\">\n                    1975                <\/h3 >\n\t\t\t\n\t\t\t                <div class=\"mco-b5-content-block-description\"><h4>Er\u00f6ffnung des MSD Forschungs- und Entwicklungszentrum in Schachen<\/h4>\n<p>Schering-Plough baut seine Pr\u00e4senz in der Schweiz aus und er\u00f6ffnet ein Forschungs- und Entwicklungslabor in Schachen (LU), die Werthenstein Chemie AG in Schachen.<\/p>\n<p>&nbsp;<\/p>\n<\/div>\n\t\t\t\n                        <div class=\"mco-b5-content-block-content-buttons-container\">\n\t\t\t\t\t\t\t\t\t\t\t\t            <\/div>\n        <\/div>\n    <\/div>\n<\/div>\n<div class=\"mco-b5-content-block-modal popup\" style=\"display: none;\" role=\"dialog\" >\n    <div class=\"popup-wrapper\">\n        <div class=\"mco-b5-content-block-modal-content popup-content\">\n            <button class=\"mco-b5-content-block-modal-close popup-close\" >&times;<\/button>\n            <div class=\"mco-b5-content-block-modal-video\"><\/div>\n        <\/div>\n    <\/div>\n<\/div>\n\n\n<div id=\"mco-b5-content-block-block_d71c78eabb30770a44b347eff27d7596\"\n     class=\"mco-b5-content-block mccberg-block left\">\n    <div class=\"wrapper\">\n\t\t\t\t\t\t\t            <div class=\"mco-b5-content-block-image-section \">\n\t\t\t\t                <picture aria-label=\"Woman looking at the camera\">\n                                                                        <source media=\"(max-width: 767px)\"\n                                    data-srcset=\"https:\/\/www.msd.ch\/de\/wp-content\/uploads\/sites\/88\/2023\/05\/1987-MSD-introduced-the-first-commercial-statin-MER-70004-0019-0001.jpeg?resize=696,425\"\n                                    srcset=\"https:\/\/www.msd.ch\/de\/wp-content\/uploads\/sites\/88\/2023\/05\/1987-MSD-introduced-the-first-commercial-statin-MER-70004-0019-0001.jpeg?resize=696,425\" \/>\n                                                                                                <source media=\"(min-width: 768px) and (max-width: 1199px)\"\n                                    data-srcset=\"https:\/\/www.msd.ch\/de\/wp-content\/uploads\/sites\/88\/2023\/05\/1987-MSD-introduced-the-first-commercial-statin-MER-70004-0019-0001.jpeg?resize=384,468\"\n                                    srcset=\"https:\/\/www.msd.ch\/de\/wp-content\/uploads\/sites\/88\/2023\/05\/1987-MSD-introduced-the-first-commercial-statin-MER-70004-0019-0001.jpeg?resize=384,468\" \/>\n                                                                                                <source media=\"(min-width: 1200px)\"\n                                    data-srcset=\"https:\/\/www.msd.ch\/de\/wp-content\/uploads\/sites\/88\/2023\/05\/1987-MSD-introduced-the-first-commercial-statin-MER-70004-0019-0001.jpeg?resize=750,650\"\n                                    srcset=\"https:\/\/www.msd.ch\/de\/wp-content\/uploads\/sites\/88\/2023\/05\/1987-MSD-introduced-the-first-commercial-statin-MER-70004-0019-0001.jpeg?resize=750,650\" \/>\n                                                                                                <source media=\"(min-width: 1600px)\"\n                                    data-srcset=\"https:\/\/www.msd.ch\/de\/wp-content\/uploads\/sites\/88\/2023\/05\/1987-MSD-introduced-the-first-commercial-statin-MER-70004-0019-0001.jpeg?resize=850,744\"\n                                    srcset=\"https:\/\/www.msd.ch\/de\/wp-content\/uploads\/sites\/88\/2023\/05\/1987-MSD-introduced-the-first-commercial-statin-MER-70004-0019-0001.jpeg?resize=850,744\" \/>\n                                                                                                <source media=\"(min-width: 1920px)\"\n                                    data-srcset=\"https:\/\/www.msd.ch\/de\/wp-content\/uploads\/sites\/88\/2023\/05\/1987-MSD-introduced-the-first-commercial-statin-MER-70004-0019-0001.jpeg?resize=980,832\"\n                                    srcset=\"https:\/\/www.msd.ch\/de\/wp-content\/uploads\/sites\/88\/2023\/05\/1987-MSD-introduced-the-first-commercial-statin-MER-70004-0019-0001.jpeg?resize=980,832\" \/>\n                                                                                                <img\n                                data-src=\"https:\/\/www.msd.ch\/de\/wp-content\/uploads\/sites\/88\/2023\/05\/1987-MSD-introduced-the-first-commercial-statin-MER-70004-0019-0001.jpeg?resize=650,544\"\n                                alt=\"Woman looking at the camera\"\n                                class=\"lazyload parallax-scroll\"\n                                loading=\"lazy\"\n                            \/>\n                                                            <\/picture>\n\t\t\t\t            <\/div>\n\t\t        <div class=\"mco-b5-content-block-content-section\">\n\t\t\t\n\t\t\t                <h3 class=\"mco-b5-content-block-heading mcc-b5-normal-title\">\n                    1990                <\/h3 >\n\t\t\t\n\t\t\t                <div class=\"mco-b5-content-block-description\"><h4>MSD bringt den ersten kommerziell verf\u00fcgbaren Cholesterinsenker auf den Markt<\/h4>\n<p>&nbsp;<\/p>\n<\/div>\n\t\t\t\n                        <div class=\"mco-b5-content-block-content-buttons-container\">\n\t\t\t\t\t\t\t\t\t\t\t\t            <\/div>\n        <\/div>\n    <\/div>\n<\/div>\n<div class=\"mco-b5-content-block-modal popup\" style=\"display: none;\" role=\"dialog\" >\n    <div class=\"popup-wrapper\">\n        <div class=\"mco-b5-content-block-modal-content popup-content\">\n            <button class=\"mco-b5-content-block-modal-close popup-close\" >&times;<\/button>\n            <div class=\"mco-b5-content-block-modal-video\"><\/div>\n        <\/div>\n    <\/div>\n<\/div>\n\n\n<div id=\"mco-b5-content-block-block_cf368d807d8ad5c15f296f6be62e5108\"\n     class=\"mco-b5-content-block mccberg-block right\">\n    <div class=\"wrapper\">\n\t\t\t\t\t\t\t            <div class=\"mco-b5-content-block-image-section \">\n\t\t\t\t                <picture aria-label=\"Ein Team von Forschern l\u00e4chelnd im Labor\">\n                                                                        <source media=\"(max-width: 767px)\"\n                                    data-srcset=\"https:\/\/www.msd.ch\/de\/wp-content\/uploads\/sites\/88\/2020\/11\/1996-CRIXIVAN.jpg?resize=696,425\"\n                                    srcset=\"https:\/\/www.msd.ch\/de\/wp-content\/uploads\/sites\/88\/2020\/11\/1996-CRIXIVAN.jpg?resize=696,425\" \/>\n                                                                                                <source media=\"(min-width: 768px) and (max-width: 1199px)\"\n                                    data-srcset=\"https:\/\/www.msd.ch\/de\/wp-content\/uploads\/sites\/88\/2020\/11\/1996-CRIXIVAN.jpg?resize=384,468\"\n                                    srcset=\"https:\/\/www.msd.ch\/de\/wp-content\/uploads\/sites\/88\/2020\/11\/1996-CRIXIVAN.jpg?resize=384,468\" \/>\n                                                                                                <source media=\"(min-width: 1200px)\"\n                                    data-srcset=\"https:\/\/www.msd.ch\/de\/wp-content\/uploads\/sites\/88\/2020\/11\/1996-CRIXIVAN.jpg?resize=750,650\"\n                                    srcset=\"https:\/\/www.msd.ch\/de\/wp-content\/uploads\/sites\/88\/2020\/11\/1996-CRIXIVAN.jpg?resize=750,650\" \/>\n                                                                                                <source media=\"(min-width: 1600px)\"\n                                    data-srcset=\"https:\/\/www.msd.ch\/de\/wp-content\/uploads\/sites\/88\/2020\/11\/1996-CRIXIVAN.jpg?resize=850,744\"\n                                    srcset=\"https:\/\/www.msd.ch\/de\/wp-content\/uploads\/sites\/88\/2020\/11\/1996-CRIXIVAN.jpg?resize=850,744\" \/>\n                                                                                                <source media=\"(min-width: 1920px)\"\n                                    data-srcset=\"https:\/\/www.msd.ch\/de\/wp-content\/uploads\/sites\/88\/2020\/11\/1996-CRIXIVAN.jpg?resize=980,832\"\n                                    srcset=\"https:\/\/www.msd.ch\/de\/wp-content\/uploads\/sites\/88\/2020\/11\/1996-CRIXIVAN.jpg?resize=980,832\" \/>\n                                                                                                <img\n                                data-src=\"https:\/\/www.msd.ch\/de\/wp-content\/uploads\/sites\/88\/2020\/11\/1996-CRIXIVAN.jpg?resize=650,544\"\n                                alt=\"Ein Team von Forschern l\u00e4chelnd im Labor\"\n                                class=\"lazyload parallax-scroll\"\n                                loading=\"lazy\"\n                            \/>\n                                                            <\/picture>\n\t\t\t\t            <\/div>\n\t\t        <div class=\"mco-b5-content-block-content-section\">\n\t\t\t\n\t\t\t                <h3 class=\"mco-b5-content-block-heading mcc-b5-normal-title\">\n                    1996                <\/h3 >\n\t\t\t\n\t\t\t                <div class=\"mco-b5-content-block-description\"><h4>MSD gelingt die Zulassung eines Medikaments zur Behandlung von HIV<\/h4>\n<p>Nach der FDA, welche in den USA die Zulassung f\u00fcr den Wirkstoff von MSD in der Rekordzeit von 42 Tagen erteilte, wird das HIV-Arzneimittel auch in der Schweiz zugelassen. Es trug entscheidend dazu bei, HIV zu einer \u00fcberlebbaren Infektion zu machen.<\/p>\n<\/div>\n\t\t\t\n                        <div class=\"mco-b5-content-block-content-buttons-container\">\n\t\t\t\t\t\t\t\t\t\t\t\t            <\/div>\n        <\/div>\n    <\/div>\n<\/div>\n<div class=\"mco-b5-content-block-modal popup\" style=\"display: none;\" role=\"dialog\" >\n    <div class=\"popup-wrapper\">\n        <div class=\"mco-b5-content-block-modal-content popup-content\">\n            <button class=\"mco-b5-content-block-modal-close popup-close\" >&times;<\/button>\n            <div class=\"mco-b5-content-block-modal-video\"><\/div>\n        <\/div>\n    <\/div>\n<\/div>\n\n\n<div id=\"mco-b5-content-block-block_3d6394fe98690251e5f5b72cfd6d8073\"\n     class=\"mco-b5-content-block mccberg-block left\">\n    <div class=\"wrapper\">\n\t\t\t\t\t\t\t            <div class=\"mco-b5-content-block-image-section \">\n\t\t\t\t                <picture aria-label=\"Wissenschaftlerin bei der Arbeit im Labor\">\n                                                                        <source media=\"(max-width: 767px)\"\n                                    data-srcset=\"https:\/\/www.msd.ch\/de\/wp-content\/uploads\/sites\/88\/2021\/06\/2006-First-cervical-cancer-vaccine-AV10096A.jpg?resize=696,425\"\n                                    srcset=\"https:\/\/www.msd.ch\/de\/wp-content\/uploads\/sites\/88\/2021\/06\/2006-First-cervical-cancer-vaccine-AV10096A.jpg?resize=696,425\" \/>\n                                                                                                <source media=\"(min-width: 768px) and (max-width: 1199px)\"\n                                    data-srcset=\"https:\/\/www.msd.ch\/de\/wp-content\/uploads\/sites\/88\/2021\/06\/2006-First-cervical-cancer-vaccine-AV10096A.jpg?resize=384,468\"\n                                    srcset=\"https:\/\/www.msd.ch\/de\/wp-content\/uploads\/sites\/88\/2021\/06\/2006-First-cervical-cancer-vaccine-AV10096A.jpg?resize=384,468\" \/>\n                                                                                                <source media=\"(min-width: 1200px)\"\n                                    data-srcset=\"https:\/\/www.msd.ch\/de\/wp-content\/uploads\/sites\/88\/2021\/06\/2006-First-cervical-cancer-vaccine-AV10096A.jpg?resize=750,650\"\n                                    srcset=\"https:\/\/www.msd.ch\/de\/wp-content\/uploads\/sites\/88\/2021\/06\/2006-First-cervical-cancer-vaccine-AV10096A.jpg?resize=750,650\" \/>\n                                                                                                <source media=\"(min-width: 1600px)\"\n                                    data-srcset=\"https:\/\/www.msd.ch\/de\/wp-content\/uploads\/sites\/88\/2021\/06\/2006-First-cervical-cancer-vaccine-AV10096A.jpg?resize=850,744\"\n                                    srcset=\"https:\/\/www.msd.ch\/de\/wp-content\/uploads\/sites\/88\/2021\/06\/2006-First-cervical-cancer-vaccine-AV10096A.jpg?resize=850,744\" \/>\n                                                                                                <source media=\"(min-width: 1920px)\"\n                                    data-srcset=\"https:\/\/www.msd.ch\/de\/wp-content\/uploads\/sites\/88\/2021\/06\/2006-First-cervical-cancer-vaccine-AV10096A.jpg?resize=980,832\"\n                                    srcset=\"https:\/\/www.msd.ch\/de\/wp-content\/uploads\/sites\/88\/2021\/06\/2006-First-cervical-cancer-vaccine-AV10096A.jpg?resize=980,832\" \/>\n                                                                                                <img\n                                data-src=\"https:\/\/www.msd.ch\/de\/wp-content\/uploads\/sites\/88\/2021\/06\/2006-First-cervical-cancer-vaccine-AV10096A.jpg?resize=650,544\"\n                                alt=\"Wissenschaftlerin bei der Arbeit im Labor\"\n                                class=\"lazyload parallax-scroll\"\n                                loading=\"lazy\"\n                            \/>\n                                                            <\/picture>\n\t\t\t\t            <\/div>\n\t\t        <div class=\"mco-b5-content-block-content-section\">\n\t\t\t\n\t\t\t                <h3 class=\"mco-b5-content-block-heading mcc-b5-normal-title\">\n                    2006                <\/h3 >\n\t\t\t\n\t\t\t                <div class=\"mco-b5-content-block-description\"><h4>MSD bringt den ersten Impfstoff gegen Geb\u00e4rmutterhalskrebs auf den Markt<\/h4>\n<p>Der Impfstoff sch\u00fctzt vor bestimmten Typen von humanen Papillomaviren (HPV), welche die h\u00e4ufigste Ursache f\u00fcr Geb\u00e4rmutterhalskrebs sind.<\/p>\n<\/div>\n\t\t\t\n                        <div class=\"mco-b5-content-block-content-buttons-container\">\n\t\t\t\t\t\t\t\t\t\t\t\t            <\/div>\n        <\/div>\n    <\/div>\n<\/div>\n<div class=\"mco-b5-content-block-modal popup\" style=\"display: none;\" role=\"dialog\" >\n    <div class=\"popup-wrapper\">\n        <div class=\"mco-b5-content-block-modal-content popup-content\">\n            <button class=\"mco-b5-content-block-modal-close popup-close\" >&times;<\/button>\n            <div class=\"mco-b5-content-block-modal-video\"><\/div>\n        <\/div>\n    <\/div>\n<\/div>\n\n\n<div id=\"mco-b5-content-block-block_3f7650c33cefdc1c7b0bf6b831c4eef5\"\n     class=\"mco-b5-content-block mccberg-block right\">\n    <div class=\"wrapper\">\n\t\t\t\t\t\t\t            <div class=\"mco-b5-content-block-image-section \">\n\t\t\t\t                <picture aria-label=\"Die Wissenschaftlerinnen Thornberry und Weber l\u00e4cheln in die Kamera\">\n                                                                        <source media=\"(max-width: 767px)\"\n                                    data-srcset=\"https:\/\/www.msd.ch\/de\/wp-content\/uploads\/sites\/88\/2022\/12\/2006-JANUVIA-122313_Thornberry_Weber-e1631944580583.jpg?resize=696,425\"\n                                    srcset=\"https:\/\/www.msd.ch\/de\/wp-content\/uploads\/sites\/88\/2022\/12\/2006-JANUVIA-122313_Thornberry_Weber-e1631944580583.jpg?resize=696,425\" \/>\n                                                                                                <source media=\"(min-width: 768px) and (max-width: 1199px)\"\n                                    data-srcset=\"https:\/\/www.msd.ch\/de\/wp-content\/uploads\/sites\/88\/2022\/12\/2006-JANUVIA-122313_Thornberry_Weber-e1631944580583.jpg?resize=384,468\"\n                                    srcset=\"https:\/\/www.msd.ch\/de\/wp-content\/uploads\/sites\/88\/2022\/12\/2006-JANUVIA-122313_Thornberry_Weber-e1631944580583.jpg?resize=384,468\" \/>\n                                                                                                <source media=\"(min-width: 1200px)\"\n                                    data-srcset=\"https:\/\/www.msd.ch\/de\/wp-content\/uploads\/sites\/88\/2022\/12\/2006-JANUVIA-122313_Thornberry_Weber-e1631944580583.jpg?resize=750,650\"\n                                    srcset=\"https:\/\/www.msd.ch\/de\/wp-content\/uploads\/sites\/88\/2022\/12\/2006-JANUVIA-122313_Thornberry_Weber-e1631944580583.jpg?resize=750,650\" \/>\n                                                                                                <source media=\"(min-width: 1600px)\"\n                                    data-srcset=\"https:\/\/www.msd.ch\/de\/wp-content\/uploads\/sites\/88\/2022\/12\/2006-JANUVIA-122313_Thornberry_Weber-e1631944580583.jpg?resize=850,744\"\n                                    srcset=\"https:\/\/www.msd.ch\/de\/wp-content\/uploads\/sites\/88\/2022\/12\/2006-JANUVIA-122313_Thornberry_Weber-e1631944580583.jpg?resize=850,744\" \/>\n                                                                                                <source media=\"(min-width: 1920px)\"\n                                    data-srcset=\"https:\/\/www.msd.ch\/de\/wp-content\/uploads\/sites\/88\/2022\/12\/2006-JANUVIA-122313_Thornberry_Weber-e1631944580583.jpg?resize=980,832\"\n                                    srcset=\"https:\/\/www.msd.ch\/de\/wp-content\/uploads\/sites\/88\/2022\/12\/2006-JANUVIA-122313_Thornberry_Weber-e1631944580583.jpg?resize=980,832\" \/>\n                                                                                                <img\n                                data-src=\"https:\/\/www.msd.ch\/de\/wp-content\/uploads\/sites\/88\/2022\/12\/2006-JANUVIA-122313_Thornberry_Weber-e1631944580583.jpg?resize=650,544\"\n                                alt=\"Die Wissenschaftlerinnen Thornberry und Weber l\u00e4cheln in die Kamera\"\n                                class=\"lazyload parallax-scroll\"\n                                loading=\"lazy\"\n                            \/>\n                                                            <\/picture>\n\t\t\t\t            <\/div>\n\t\t        <div class=\"mco-b5-content-block-content-section\">\n\t\t\t\n\t\t\t                <h3 class=\"mco-b5-content-block-heading mcc-b5-normal-title\">\n                    2006                <\/h3 >\n\t\t\t\n\t\t\t                <div class=\"mco-b5-content-block-description\"><h4>MSD bringt die erste orale Therapie f\u00fcr Diabetes Typ 2 auf den Markt<\/h4>\n<\/div>\n\t\t\t\n                        <div class=\"mco-b5-content-block-content-buttons-container\">\n\t\t\t\t\t\t\t\t\t\t\t\t            <\/div>\n        <\/div>\n    <\/div>\n<\/div>\n<div class=\"mco-b5-content-block-modal popup\" style=\"display: none;\" role=\"dialog\" >\n    <div class=\"popup-wrapper\">\n        <div class=\"mco-b5-content-block-modal-content popup-content\">\n            <button class=\"mco-b5-content-block-modal-close popup-close\" >&times;<\/button>\n            <div class=\"mco-b5-content-block-modal-video\"><\/div>\n        <\/div>\n    <\/div>\n<\/div>\n\n\n<div id=\"mco-b5-content-block-block_d3ac8cedf08bbdfc4473ebd81fcd8a80\"\n     class=\"mco-b5-content-block mccberg-block left\">\n    <div class=\"wrapper\">\n\t\t\t\t\t\t\t            <div class=\"mco-b5-content-block-image-section \">\n\t\t\t\t                <picture aria-label=\"Viele Menschen sitzen in einem H\u00f6rsaal\">\n                                                                        <source media=\"(max-width: 767px)\"\n                                    data-srcset=\"https:\/\/www.msd.ch\/de\/wp-content\/uploads\/sites\/88\/2020\/11\/2009-Merger-with-Schering-Plough.jpg?resize=696,425\"\n                                    srcset=\"https:\/\/www.msd.ch\/de\/wp-content\/uploads\/sites\/88\/2020\/11\/2009-Merger-with-Schering-Plough.jpg?resize=696,425\" \/>\n                                                                                                <source media=\"(min-width: 768px) and (max-width: 1199px)\"\n                                    data-srcset=\"https:\/\/www.msd.ch\/de\/wp-content\/uploads\/sites\/88\/2020\/11\/2009-Merger-with-Schering-Plough.jpg?resize=384,468\"\n                                    srcset=\"https:\/\/www.msd.ch\/de\/wp-content\/uploads\/sites\/88\/2020\/11\/2009-Merger-with-Schering-Plough.jpg?resize=384,468\" \/>\n                                                                                                <source media=\"(min-width: 1200px)\"\n                                    data-srcset=\"https:\/\/www.msd.ch\/de\/wp-content\/uploads\/sites\/88\/2020\/11\/2009-Merger-with-Schering-Plough.jpg?resize=750,650\"\n                                    srcset=\"https:\/\/www.msd.ch\/de\/wp-content\/uploads\/sites\/88\/2020\/11\/2009-Merger-with-Schering-Plough.jpg?resize=750,650\" \/>\n                                                                                                <source media=\"(min-width: 1600px)\"\n                                    data-srcset=\"https:\/\/www.msd.ch\/de\/wp-content\/uploads\/sites\/88\/2020\/11\/2009-Merger-with-Schering-Plough.jpg?resize=850,744\"\n                                    srcset=\"https:\/\/www.msd.ch\/de\/wp-content\/uploads\/sites\/88\/2020\/11\/2009-Merger-with-Schering-Plough.jpg?resize=850,744\" \/>\n                                                                                                <source media=\"(min-width: 1920px)\"\n                                    data-srcset=\"https:\/\/www.msd.ch\/de\/wp-content\/uploads\/sites\/88\/2020\/11\/2009-Merger-with-Schering-Plough.jpg?resize=980,832\"\n                                    srcset=\"https:\/\/www.msd.ch\/de\/wp-content\/uploads\/sites\/88\/2020\/11\/2009-Merger-with-Schering-Plough.jpg?resize=980,832\" \/>\n                                                                                                <img\n                                data-src=\"https:\/\/www.msd.ch\/de\/wp-content\/uploads\/sites\/88\/2020\/11\/2009-Merger-with-Schering-Plough.jpg?resize=650,544\"\n                                alt=\"Viele Menschen sitzen in einem H\u00f6rsaal\"\n                                class=\"lazyload parallax-scroll\"\n                                loading=\"lazy\"\n                            \/>\n                                                            <\/picture>\n\t\t\t\t            <\/div>\n\t\t        <div class=\"mco-b5-content-block-content-section\">\n\t\t\t\n\t\t\t                <h3 class=\"mco-b5-content-block-heading mcc-b5-normal-title\">\n                    2009 &#8211; 2011                <\/h3 >\n\t\t\t\n\t\t\t                <div class=\"mco-b5-content-block-description\"><h4>MSD und Schering-Plough fusionieren<\/h4>\n<p>Die Schweizer Tochtergesellschaft Essex Chemie AG und MSD Schweiz fusionieren 2011 und heissen seitdem MSD Merck Sharp &amp; Dohme AG.<\/p>\n<p>Der fr\u00fchere Standort der Essex Chemie AG in Luzern wird der Hauptsitz der fusionierten Unternehmen.<\/p>\n<\/div>\n\t\t\t\n                        <div class=\"mco-b5-content-block-content-buttons-container\">\n\t\t\t\t\t\t\t\t\t\t\t\t            <\/div>\n        <\/div>\n    <\/div>\n<\/div>\n<div class=\"mco-b5-content-block-modal popup\" style=\"display: none;\" role=\"dialog\" >\n    <div class=\"popup-wrapper\">\n        <div class=\"mco-b5-content-block-modal-content popup-content\">\n            <button class=\"mco-b5-content-block-modal-close popup-close\" >&times;<\/button>\n            <div class=\"mco-b5-content-block-modal-video\"><\/div>\n        <\/div>\n    <\/div>\n<\/div>\n\n\n<div id=\"mco-b5-content-block-block_e01a5c9419dee7e14c9e751601633d0e\"\n     class=\"mco-b5-content-block mccberg-block right\">\n    <div class=\"wrapper\">\n\t\t\t\t\t\t\t            <div class=\"mco-b5-content-block-image-section \">\n\t\t\t\t                <picture aria-label=\"Krebszellen\">\n                                                                        <source media=\"(max-width: 767px)\"\n                                    data-srcset=\"https:\/\/www.msd.ch\/de\/wp-content\/uploads\/sites\/88\/2020\/10\/oncology.jpeg?resize=696,425\"\n                                    srcset=\"https:\/\/www.msd.ch\/de\/wp-content\/uploads\/sites\/88\/2020\/10\/oncology.jpeg?resize=696,425\" \/>\n                                                                                                <source media=\"(min-width: 768px) and (max-width: 1199px)\"\n                                    data-srcset=\"https:\/\/www.msd.ch\/de\/wp-content\/uploads\/sites\/88\/2020\/10\/oncology.jpeg?resize=384,468\"\n                                    srcset=\"https:\/\/www.msd.ch\/de\/wp-content\/uploads\/sites\/88\/2020\/10\/oncology.jpeg?resize=384,468\" \/>\n                                                                                                <source media=\"(min-width: 1200px)\"\n                                    data-srcset=\"https:\/\/www.msd.ch\/de\/wp-content\/uploads\/sites\/88\/2020\/10\/oncology.jpeg?resize=750,650\"\n                                    srcset=\"https:\/\/www.msd.ch\/de\/wp-content\/uploads\/sites\/88\/2020\/10\/oncology.jpeg?resize=750,650\" \/>\n                                                                                                <source media=\"(min-width: 1600px)\"\n                                    data-srcset=\"https:\/\/www.msd.ch\/de\/wp-content\/uploads\/sites\/88\/2020\/10\/oncology.jpeg?resize=850,744\"\n                                    srcset=\"https:\/\/www.msd.ch\/de\/wp-content\/uploads\/sites\/88\/2020\/10\/oncology.jpeg?resize=850,744\" \/>\n                                                                                                <source media=\"(min-width: 1920px)\"\n                                    data-srcset=\"https:\/\/www.msd.ch\/de\/wp-content\/uploads\/sites\/88\/2020\/10\/oncology.jpeg?resize=980,832\"\n                                    srcset=\"https:\/\/www.msd.ch\/de\/wp-content\/uploads\/sites\/88\/2020\/10\/oncology.jpeg?resize=980,832\" \/>\n                                                                                                <img\n                                data-src=\"https:\/\/www.msd.ch\/de\/wp-content\/uploads\/sites\/88\/2020\/10\/oncology.jpeg?resize=650,544\"\n                                alt=\"Krebszellen\"\n                                class=\"lazyload parallax-scroll\"\n                                loading=\"lazy\"\n                            \/>\n                                                            <\/picture>\n\t\t\t\t            <\/div>\n\t\t        <div class=\"mco-b5-content-block-content-section\">\n\t\t\t\n\t\t\t                <h3 class=\"mco-b5-content-block-heading mcc-b5-normal-title\">\n                    2015                <\/h3 >\n\t\t\t\n\t\t\t                <div class=\"mco-b5-content-block-description\"><h4>MSD erzielt einen Durchbruch in der Krebstherapie<\/h4>\n<p>MSD erh\u00e4lt im beschleunigten Verfahren die Zulassung f\u00fcr ein neuartiges Krebsmedikament. Es ist die erste Anti-PD-1-Therapie, welche die F\u00e4higkeit des k\u00f6rpereigenen Immunsystems erh\u00f6ht, Tumorzellen zu erkennen und zu bek\u00e4mpfen.<\/p>\n<\/div>\n\t\t\t\n                        <div class=\"mco-b5-content-block-content-buttons-container\">\n\t\t\t\t\t\t\t\t\t\t\t\t            <\/div>\n        <\/div>\n    <\/div>\n<\/div>\n<div class=\"mco-b5-content-block-modal popup\" style=\"display: none;\" role=\"dialog\" >\n    <div class=\"popup-wrapper\">\n        <div class=\"mco-b5-content-block-modal-content popup-content\">\n            <button class=\"mco-b5-content-block-modal-close popup-close\" >&times;<\/button>\n            <div class=\"mco-b5-content-block-modal-video\"><\/div>\n        <\/div>\n    <\/div>\n<\/div>\n\n\n<div id=\"mco-b5-content-block-block_0264ce4ba4186f6a9a3a5e472aedcb00\"\n     class=\"mco-b5-content-block mccberg-block left\">\n    <div class=\"wrapper\">\n\t\t\t\t\t\t\t            <div class=\"mco-b5-content-block-image-section \">\n\t\t\t\t                <picture aria-label=\"Menschen in Schutzkleidung vor Zelten in Ebola-Gebiet\">\n                                                                        <source media=\"(max-width: 767px)\"\n                                    data-srcset=\"https:\/\/www.msd.ch\/de\/wp-content\/uploads\/sites\/88\/2021\/06\/2019-Ebola-MSD-along-with-international-agencies-DSC08425.jpeg?resize=696,425\"\n                                    srcset=\"https:\/\/www.msd.ch\/de\/wp-content\/uploads\/sites\/88\/2021\/06\/2019-Ebola-MSD-along-with-international-agencies-DSC08425.jpeg?resize=696,425\" \/>\n                                                                                                <source media=\"(min-width: 768px) and (max-width: 1199px)\"\n                                    data-srcset=\"https:\/\/www.msd.ch\/de\/wp-content\/uploads\/sites\/88\/2021\/06\/2019-Ebola-MSD-along-with-international-agencies-DSC08425.jpeg?resize=384,468\"\n                                    srcset=\"https:\/\/www.msd.ch\/de\/wp-content\/uploads\/sites\/88\/2021\/06\/2019-Ebola-MSD-along-with-international-agencies-DSC08425.jpeg?resize=384,468\" \/>\n                                                                                                <source media=\"(min-width: 1200px)\"\n                                    data-srcset=\"https:\/\/www.msd.ch\/de\/wp-content\/uploads\/sites\/88\/2021\/06\/2019-Ebola-MSD-along-with-international-agencies-DSC08425.jpeg?resize=750,650\"\n                                    srcset=\"https:\/\/www.msd.ch\/de\/wp-content\/uploads\/sites\/88\/2021\/06\/2019-Ebola-MSD-along-with-international-agencies-DSC08425.jpeg?resize=750,650\" \/>\n                                                                                                <source media=\"(min-width: 1600px)\"\n                                    data-srcset=\"https:\/\/www.msd.ch\/de\/wp-content\/uploads\/sites\/88\/2021\/06\/2019-Ebola-MSD-along-with-international-agencies-DSC08425.jpeg?resize=850,744\"\n                                    srcset=\"https:\/\/www.msd.ch\/de\/wp-content\/uploads\/sites\/88\/2021\/06\/2019-Ebola-MSD-along-with-international-agencies-DSC08425.jpeg?resize=850,744\" \/>\n                                                                                                <source media=\"(min-width: 1920px)\"\n                                    data-srcset=\"https:\/\/www.msd.ch\/de\/wp-content\/uploads\/sites\/88\/2021\/06\/2019-Ebola-MSD-along-with-international-agencies-DSC08425.jpeg?resize=980,832\"\n                                    srcset=\"https:\/\/www.msd.ch\/de\/wp-content\/uploads\/sites\/88\/2021\/06\/2019-Ebola-MSD-along-with-international-agencies-DSC08425.jpeg?resize=980,832\" \/>\n                                                                                                <img\n                                data-src=\"https:\/\/www.msd.ch\/de\/wp-content\/uploads\/sites\/88\/2021\/06\/2019-Ebola-MSD-along-with-international-agencies-DSC08425.jpeg?resize=650,544\"\n                                alt=\"Menschen in Schutzkleidung vor Zelten in Ebola-Gebiet\"\n                                class=\"lazyload parallax-scroll\"\n                                loading=\"lazy\"\n                            \/>\n                                                            <\/picture>\n\t\t\t\t            <\/div>\n\t\t        <div class=\"mco-b5-content-block-content-section\">\n\t\t\t\n\t\t\t                <h3 class=\"mco-b5-content-block-heading mcc-b5-normal-title\">\n                    2021                <\/h3 >\n\t\t\t\n\t\t\t                <div class=\"mco-b5-content-block-description\"><h4>Der Ebola-Impfstoff von MSD wird zugelassen<\/h4>\n<\/div>\n\t\t\t\n                        <div class=\"mco-b5-content-block-content-buttons-container\">\n\t\t\t\t\t\t\t\t\t\t\t\t            <\/div>\n        <\/div>\n    <\/div>\n<\/div>\n<div class=\"mco-b5-content-block-modal popup\" style=\"display: none;\" role=\"dialog\" >\n    <div class=\"popup-wrapper\">\n        <div class=\"mco-b5-content-block-modal-content popup-content\">\n            <button class=\"mco-b5-content-block-modal-close popup-close\" >&times;<\/button>\n            <div class=\"mco-b5-content-block-modal-video\"><\/div>\n        <\/div>\n    <\/div>\n<\/div>\n\n\n<div class=\"wp-block-image\">\n<figure class=\"aligncenter size-full is-resized\"><img loading=\"lazy\" decoding=\"async\" width=\"1286\" height=\"362\" src=\"https:\/\/www.msd.ch\/de\/wp-content\/uploads\/sites\/88\/2025\/01\/Logo-60-Jahre-MSD-Schweiz-V06-RGB.jpg\" alt=\"\" class=\"wp-image-12088\" style=\"width:643px;height:181px\"\/><\/figure><\/div>\n\n\n<h2 class=\"wp-block-heading has-text-align-center\">MSD Schweiz &#8211; wer wir heute sind<\/h2>\n\n\n\n<div id=\"mco-three-column-content-block-block_5f48a4f2d3dfa61810c7392579cc3a77\"\n     class=\"mco-three-column-content-block mccberg-block mb-1\">\n\n\t\n    <div class=\"mco-three-column-content-columns-container\">\n\n                <div class=\"mco-three-column-content-column\"\n             role=\"link\" data-href=\"https:\/\/www.msd.ch\/de\/home\/about-us\/\" data-target=\"_blank\" style=\"cursor: pointer;\" title=\"https:\/\/www.msd.ch\/de\/home\/about-us\/\"        >\n                        <div class=\"mco-three-column-content-col-img-container\">\n            <div class=\"mco-three-column-content-col-img\">\n                <picture>\n                    <source media=\"(max-width: 767px)\"\n                            data-srcset=\"https:\/\/www.msd.ch\/de\/wp-content\/uploads\/sites\/88\/2023\/05\/Scientists-RY-Fume-hood-1390-2048x1365px.jpeg?resize=767,469\">\n                    <source media=\"(min-width: 768px) and (max-width: 1199px)\"\n                            data-srcset=\"https:\/\/www.msd.ch\/de\/wp-content\/uploads\/sites\/88\/2023\/05\/Scientists-RY-Fume-hood-1390-2048x1365px.jpeg?resize=314,280\">\n                    <source media=\"(min-width: 1200px)\"\n                            data-srcset=\"https:\/\/www.msd.ch\/de\/wp-content\/uploads\/sites\/88\/2023\/05\/Scientists-RY-Fume-hood-1390-2048x1365px.jpeg?resize=404,268\">\n                    <img\n                        data-src=\"https:\/\/www.msd.ch\/de\/wp-content\/uploads\/sites\/88\/2023\/05\/Scientists-RY-Fume-hood-1390-2048x1365px.jpeg?resize=404,268\"\n                        class=\"lazyload\"\n                        loading=\"lazy\"\n                        alt=\"Wissenschaftlerin arbeitet im Labor\"\n                            \/>\n                <\/picture>\n            <\/div>\n        <\/div>\n\n                            <div class=\"mco-three-column-content-col-content-container\">\n            \n                            <h3>Wir stehen f\u00fcr medizinischen Fortschritt<\/h3>\n            \n                            <p class=\"mco-three-column-content-col-description\">Wir sind Innovationsf\u00fchrer in der Immunonkologie und im Bereich Impfstoffe.<\/p>\n            \n                            <div class=\"mco-three-column-content-col-wysiwyg\"><p>Mehr erfahren <a href=\"https:\/\/www.msd.ch\/de\/home\/about-us\/areas-of-focus\/oncology\/\">Onkologie<\/a> \/ <a href=\"https:\/\/www.msd.ch\/de\/home\/about-us\/areas-of-focus\/vaccines\/\">Impfstoffe<\/a><\/p>\n<\/div>\n                    <\/div>\n                <\/div>\n    \n                <div class=\"mco-three-column-content-column\"\n                    >\n                        <div class=\"mco-three-column-content-col-img-container\">\n            <div class=\"mco-three-column-content-col-img\">\n                <picture>\n                    <source media=\"(max-width: 767px)\"\n                            data-srcset=\"https:\/\/www.msd.ch\/de\/wp-content\/uploads\/sites\/88\/2025\/01\/2025-Top-Employer-Visual-HOME-hi.jpg?resize=767,469\">\n                    <source media=\"(min-width: 768px) and (max-width: 1199px)\"\n                            data-srcset=\"https:\/\/www.msd.ch\/de\/wp-content\/uploads\/sites\/88\/2025\/01\/2025-Top-Employer-Visual-HOME-hi.jpg?resize=314,280\">\n                    <source media=\"(min-width: 1200px)\"\n                            data-srcset=\"https:\/\/www.msd.ch\/de\/wp-content\/uploads\/sites\/88\/2025\/01\/2025-Top-Employer-Visual-HOME-hi.jpg?resize=404,268\">\n                    <img\n                        data-src=\"https:\/\/www.msd.ch\/de\/wp-content\/uploads\/sites\/88\/2025\/01\/2025-Top-Employer-Visual-HOME-hi.jpg?resize=404,268\"\n                        class=\"lazyload\"\n                        loading=\"lazy\"\n                        alt=\"Junge Frau l\u00e4chelt w\u00e4hrend eines Meeting am Tisch mit Kollegen.\"\n                            \/>\n                <\/picture>\n            <\/div>\n        <\/div>\n\n                            <div class=\"mco-three-column-content-col-content-container\">\n            \n                            <h3>Wir sind ein Top Employer<\/h3>\n            \n                            <p class=\"mco-three-column-content-col-description\">F\u00fcr unsere 1000 Mitarbeitenden sind wir ein Top Employer. Zum 13. Mal in Folge.<\/p>\n            \n                            <div class=\"mco-three-column-content-col-wysiwyg\"><p><a href=\"https:\/\/www.msd.ch\/de\/stories\/wir-sind-ein-top-employer\/\" target=\"_blank\" rel=\"noopener\">Mehr erfahren<\/a><\/p>\n<\/div>\n                    <\/div>\n                <\/div>\n    \n                <div class=\"mco-three-column-content-column\"\n                    >\n                        <div class=\"mco-three-column-content-col-img-container\">\n            <div class=\"mco-three-column-content-col-img\">\n                <picture>\n                    <source media=\"(max-width: 767px)\"\n                            data-srcset=\"https:\/\/www.msd.ch\/de\/wp-content\/uploads\/sites\/88\/2021\/07\/partner_title-e1626793083988.jpg?resize=767,469\">\n                    <source media=\"(min-width: 768px) and (max-width: 1199px)\"\n                            data-srcset=\"https:\/\/www.msd.ch\/de\/wp-content\/uploads\/sites\/88\/2021\/07\/partner_title-e1626793083988.jpg?resize=314,280\">\n                    <source media=\"(min-width: 1200px)\"\n                            data-srcset=\"https:\/\/www.msd.ch\/de\/wp-content\/uploads\/sites\/88\/2021\/07\/partner_title-e1626793083988.jpg?resize=404,268\">\n                    <img\n                        data-src=\"https:\/\/www.msd.ch\/de\/wp-content\/uploads\/sites\/88\/2021\/07\/partner_title-e1626793083988.jpg?resize=404,268\"\n                        class=\"lazyload\"\n                        loading=\"lazy\"\n                        alt=\"H\u00e4ndedr\u00fcck von zwei Business Partnern\"\n                            \/>\n                <\/picture>\n            <\/div>\n        <\/div>\n\n                            <div class=\"mco-three-column-content-col-content-container\">\n            \n                            <h3>Wir sind ein vertrauensvoller Partner<\/h3>\n            \n                            <p class=\"mco-three-column-content-col-description\">&#8230; nicht nur an den Trendtagen Gesundheit Luzern und am &quot;Lucerne City Run&quot;.<\/p>\n            \n                            <div class=\"mco-three-column-content-col-wysiwyg\"><p><a href=\"https:\/\/www.msd.ch\/de\/home\/about-us\/partner\/\" target=\"_blank\" rel=\"noopener\">Mehr erfahren<\/a><\/p>\n<\/div>\n                    <\/div>\n                <\/div>\n    \n\n    <\/div>\n<\/div>\n\n\n\n<div style=\"height:20px\" aria-hidden=\"true\" class=\"wp-block-spacer\"><\/div>\n\n\n\n<div id=\"mco-three-column-content-block-block_c6a61712cbe010861a1f3d295d8afaa3\"\n     class=\"mco-three-column-content-block mccberg-block mt-1 mb-1-mobile\">\n\n\t\n    <div class=\"mco-three-column-content-columns-container\">\n\n                <div class=\"mco-three-column-content-column\"\n                    >\n                        <div class=\"mco-three-column-content-col-img-container\">\n            <div class=\"mco-three-column-content-col-img\">\n                <picture>\n                    <source media=\"(max-width: 767px)\"\n                            data-srcset=\"https:\/\/www.msd.ch\/de\/wp-content\/uploads\/sites\/88\/2022\/12\/AdobeStock_423742700.jpeg?resize=767,469\">\n                    <source media=\"(min-width: 768px) and (max-width: 1199px)\"\n                            data-srcset=\"https:\/\/www.msd.ch\/de\/wp-content\/uploads\/sites\/88\/2022\/12\/AdobeStock_423742700.jpeg?resize=314,280\">\n                    <source media=\"(min-width: 1200px)\"\n                            data-srcset=\"https:\/\/www.msd.ch\/de\/wp-content\/uploads\/sites\/88\/2022\/12\/AdobeStock_423742700.jpeg?resize=404,268\">\n                    <img\n                        data-src=\"https:\/\/www.msd.ch\/de\/wp-content\/uploads\/sites\/88\/2022\/12\/AdobeStock_423742700.jpeg?resize=404,268\"\n                        class=\"lazyload\"\n                        loading=\"lazy\"\n                        alt=\"Arzt und Patient besprechen am Tisch sitzend ein Dokument\"\n                            \/>\n                <\/picture>\n            <\/div>\n        <\/div>\n\n                            <div class=\"mco-three-column-content-col-content-container\">\n            \n                            <h3>Wir betreiben klinische Forschung<\/h3>\n            \n                            <p class=\"mco-three-column-content-col-description\">Rund 40 klinische Studien koordinieren wir j\u00e4hrlich in der Schweiz.<\/p>\n            \n                            <div class=\"mco-three-column-content-col-wysiwyg\"><p><a href=\"https:\/\/www.msd.ch\/de\/home\/research\/clinical-trials\/\" target=\"_blank\" rel=\"noopener\">Mehr erfahren<\/a><\/p>\n<\/div>\n                    <\/div>\n                <\/div>\n    \n                <div class=\"mco-three-column-content-column\"\n                    >\n                        <div class=\"mco-three-column-content-col-img-container\">\n            <div class=\"mco-three-column-content-col-img\">\n                <picture>\n                    <source media=\"(max-width: 767px)\"\n                            data-srcset=\"https:\/\/www.msd.ch\/de\/wp-content\/uploads\/sites\/88\/2025\/05\/Lucerne-City-Run.jpeg?resize=767,469\">\n                    <source media=\"(min-width: 768px) and (max-width: 1199px)\"\n                            data-srcset=\"https:\/\/www.msd.ch\/de\/wp-content\/uploads\/sites\/88\/2025\/05\/Lucerne-City-Run.jpeg?resize=314,280\">\n                    <source media=\"(min-width: 1200px)\"\n                            data-srcset=\"https:\/\/www.msd.ch\/de\/wp-content\/uploads\/sites\/88\/2025\/05\/Lucerne-City-Run.jpeg?resize=404,268\">\n                    <img\n                        data-src=\"https:\/\/www.msd.ch\/de\/wp-content\/uploads\/sites\/88\/2025\/05\/Lucerne-City-Run.jpeg?resize=404,268\"\n                        class=\"lazyload\"\n                        loading=\"lazy\"\n                        alt=\"MSD is a proud sponsor of the Lucerne City Run.\"\n                            \/>\n                <\/picture>\n            <\/div>\n        <\/div>\n\n                            <div class=\"mco-three-column-content-col-content-container\">\n            \n                            <h3>Wir \u00fcbernehmen Verantwortung<\/h3>\n            \n                            <p class=\"mco-three-column-content-col-description\">Ein Ausdruck daf\u00fcr? Unser soziales Engagement in verschiedenen Initiativen und Projekten.<\/p>\n            \n                            <div class=\"mco-three-column-content-col-wysiwyg\"><p><a href=\"https:\/\/www.msd.ch\/de\/home\/about-us\/responsibility\/local-responsibility\/\" target=\"_blank\" rel=\"noopener\">Mehr erfahren<\/a><\/p>\n<\/div>\n                    <\/div>\n                <\/div>\n    \n                <div class=\"mco-three-column-content-column\"\n                    >\n                        <div class=\"mco-three-column-content-col-img-container\">\n            <div class=\"mco-three-column-content-col-img\">\n                <picture>\n                    <source media=\"(max-width: 767px)\"\n                            data-srcset=\"https:\/\/www.msd.ch\/de\/wp-content\/uploads\/sites\/88\/2021\/07\/Our-employees-meeting-in-office_hi_300dpi-e1686067182588.jpg?resize=767,469\">\n                    <source media=\"(min-width: 768px) and (max-width: 1199px)\"\n                            data-srcset=\"https:\/\/www.msd.ch\/de\/wp-content\/uploads\/sites\/88\/2021\/07\/Our-employees-meeting-in-office_hi_300dpi-e1686067182588.jpg?resize=314,280\">\n                    <source media=\"(min-width: 1200px)\"\n                            data-srcset=\"https:\/\/www.msd.ch\/de\/wp-content\/uploads\/sites\/88\/2021\/07\/Our-employees-meeting-in-office_hi_300dpi-e1686067182588.jpg?resize=404,268\">\n                    <img\n                        data-src=\"https:\/\/www.msd.ch\/de\/wp-content\/uploads\/sites\/88\/2021\/07\/Our-employees-meeting-in-office_hi_300dpi-e1686067182588.jpg?resize=404,268\"\n                        class=\"lazyload\"\n                        loading=\"lazy\"\n                        alt=\"Ein Mann, der w\u00e4hrend einer Besprechung l\u00e4chelnd am Tisch sitzt\"\n                            \/>\n                <\/picture>\n            <\/div>\n        <\/div>\n\n                            <div class=\"mco-three-column-content-col-content-container\">\n            \n                            <h3>Wir unterst\u00fctzen Diversit\u00e4t und Inklusion<\/h3>\n            \n                            <p class=\"mco-three-column-content-col-description\">Bei uns sind 50% Frauen in F\u00fchrungspositionen. Diversit\u00e4t f\u00f6rdert unseren Erfolg.<\/p>\n            \n                            <div class=\"mco-three-column-content-col-wysiwyg\"><p><a href=\"https:\/\/www.msd.ch\/de\/stories\/msd-switzerland-awarded-with-the-swiss-lgbti-label\/\">Mehr erfahren<\/a><\/p>\n<\/div>\n                    <\/div>\n                <\/div>\n    \n\n    <\/div>\n<\/div>\n\n\n\n<div class=\"wp-block-media-text alignwide is-stacked-on-mobile\"><figure class=\"wp-block-media-text__media\"><img loading=\"lazy\" decoding=\"async\" width=\"2000\" height=\"1500\" src=\"https:\/\/www.msd.ch\/de\/wp-content\/uploads\/sites\/88\/2021\/07\/Roesslimatt-Luzern.jpg?w=2000\" alt=\"R\u00f6sslimatt Luzern\" class=\"wp-image-8750 size-full\"\/><\/figure><div class=\"wp-block-media-text__content\">\n<h2 class=\"wp-block-heading\">Ab 2025 sind wir im R\u00f6sslimatt-Areal in Luzern<\/h2>\n\n\n\n<p>Wir freuen uns, drei von f\u00fcnf MSD Niederlassungen im R\u00f6sslimatt-Areal zusammenzuf\u00fchren.<\/p>\n\n\n\n<p><a href=\"https:\/\/www.msd.ch\/de\/news\/grundsteinlegung-rosslimatt-quartier\/\">Weitere Informationen<\/a><\/p>\n<\/div><\/div>\n\n\n\n<div style=\"height:30px\" aria-hidden=\"true\" class=\"wp-block-spacer\"><\/div>\n\n\n<div id=\"mco-featured-banner-block-block_0bef6a640e49876bf5e00fd65119c414\" class=\"mco-featured-banner-block full mccberg-block mb-2 negative\">\n\n\n            <div class=\"mco-featured-banner-image-container\">\n            <picture>\n                <source media=\"(max-width: 767px)\" data-srcset=\"https:\/\/www.msd.ch\/de\/wp-content\/uploads\/sites\/88\/2021\/06\/Employees-RY-Meeting-0487-1-HI_70_high-1-1.jpg?resize=767,956\">\n                <source media=\"(min-width: 768px) and (max-width: 1199px)\" data-srcset=\"https:\/\/www.msd.ch\/de\/wp-content\/uploads\/sites\/88\/2021\/06\/Employees-RY-Meeting-0487-1-HI_70_high-1-1.jpg?resize=768,448\">\n                <source media=\"(min-width: 1200px)\" data-srcset=\"https:\/\/www.msd.ch\/de\/wp-content\/uploads\/sites\/88\/2021\/06\/Employees-RY-Meeting-0487-1-HI_70_high-1-1.jpg?w=1600\">\n                <img data-src=\"https:\/\/www.msd.ch\/de\/wp-content\/uploads\/sites\/88\/2021\/06\/Employees-RY-Meeting-0487-1-HI_70_high-1-1.jpg?w=1600\" alt=\"Featured banner image\" class=\"lazyload\" loading=\"lazy\" \/>\n            <\/picture>\n        <\/div>\n    \n\n    <div class=\"mco-featured-banner-content-container\">\n        <div class=\"mco-featured-banner-content-card\">\n            \n                            <h3>Sind Sie bereit f\u00fcr Ihre Karriere bei MSD? <\/h3>\n            \n                            <div><p>&nbsp;<\/p>\n<p>M\u00f6chten Sie mit uns daran arbeiten, unsere Medikamente und Gesundheitsl\u00f6sungen stetig weiterzuentwickeln, die medizinische Versorgung kontinuierlich zu verbessern und neue Generationen zu inspirieren?<\/p>\n<p>Werden Sie Teil unseres Teams!<\/p>\n<\/div>\n            \n            <div class=\"mco-featured-banner-btn-container\">\n                                    <a class=\"btn\"\n                       href=\"https:\/\/jobs.msd.com\/switzerland\"\n                       title=\"Zum MSD-Stellenportal\"\n                       target=\"_blank\"\n                                           >Zum MSD-Stellenportal<\/a>\n                \n                            <\/div>\n        <\/div>\n    <\/div>\n<\/div>\n\n\n\n<p><sup>CH-NON-02244, 05\/2025<\/sup><\/p>\n","protected":false},"excerpt":{"rendered":"<p>Unsere Meilensteine in der Schweiz MSD Schweiz &#8211; wer wir heute sind Ab 2025 sind wir im R\u00f6sslimatt-Areal in Luzern Wir freuen uns, drei von f\u00fcnf MSD Niederlassungen im R\u00f6sslimatt-Areal zusammenzuf\u00fchren. Weitere Informationen CH-NON-02244, 05\/2025<\/p>\n","protected":false},"author":282,"featured_media":8444,"parent":0,"menu_order":0,"comment_status":"closed","ping_status":"closed","template":"","meta":{"_acf_changed":false,"bdl_company_name":[],"bdl_item_external_link":[],"editor_notices":[],"footnotes":""},"class_list":["post-8875","page","type-page","status-publish","has-post-thumbnail","hentry"],"yoast_head":"<!-- This site is optimized with the Yoast SEO plugin v21.9.1 - https:\/\/yoast.com\/wordpress\/plugins\/seo\/ -->\n<title>60 Jahre MSD Schweiz - msd.ch<\/title>\n<meta name=\"description\" content=\"Unsere Erfolgsgeschichte ist von bedeutenden Meilensteinen gepr\u00e4gt. Wir nehmen Sie mit in die Vergangenheit und in die Zukunft.\" \/>\n<meta name=\"robots\" content=\"index, follow, max-snippet:-1, max-image-preview:large, max-video-preview:-1\" \/>\n<link rel=\"canonical\" href=\"https:\/\/www.msd.ch\/de\/60-years-of-msd-switzerland\/\" \/>\n<meta property=\"og:locale\" content=\"en_US\" \/>\n<meta property=\"og:type\" content=\"article\" \/>\n<meta property=\"og:title\" content=\"60 Jahre MSD Schweiz\" \/>\n<meta property=\"og:description\" content=\"Mit einer Niederlassung in Z\u00fcrich im Jahr 1963 begann unsere Erfolgsgeschichte. Erfahren Sie, wie alles begann und wer wir heute sind.\" \/>\n<meta property=\"og:url\" content=\"https:\/\/www.msd.ch\/de\/60-years-of-msd-switzerland\/\" \/>\n<meta property=\"og:site_name\" content=\"msd.ch\" \/>\n<meta property=\"article:modified_time\" content=\"2026-03-10T08:32:08+00:00\" \/>\n<meta property=\"og:image\" content=\"https:\/\/www.msd.ch\/de\/wp-content\/uploads\/sites\/88\/2023\/05\/Change-Sign-after-merger-1956-e1684858228834.jpg?w=2166\" \/>\n\t<meta property=\"og:image:width\" content=\"2166\" \/>\n\t<meta property=\"og:image:height\" content=\"2160\" \/>\n\t<meta property=\"og:image:type\" content=\"image\/jpeg\" \/>\n<meta name=\"twitter:card\" content=\"summary_large_image\" \/>\n<meta name=\"twitter:label1\" content=\"Est. reading time\" \/>\n\t<meta name=\"twitter:data1\" content=\"1 minute\" \/>\n<script type=\"application\/ld+json\" class=\"yoast-schema-graph\">{\"@context\":\"https:\/\/schema.org\",\"@graph\":[{\"@type\":\"WebPage\",\"@id\":\"https:\/\/www.msd.ch\/de\/60-years-of-msd-switzerland\/\",\"url\":\"https:\/\/www.msd.ch\/de\/60-years-of-msd-switzerland\/\",\"name\":\"60 Jahre MSD Schweiz - msd.ch\",\"isPartOf\":{\"@id\":\"https:\/\/www.msd.ch\/de\/#website\"},\"datePublished\":\"2023-05-24T14:57:10+00:00\",\"dateModified\":\"2026-03-10T08:32:08+00:00\",\"description\":\"Unsere Erfolgsgeschichte ist von bedeutenden Meilensteinen gepr\u00e4gt. Wir nehmen Sie mit in die Vergangenheit und in die Zukunft.\",\"inLanguage\":\"en-US\",\"potentialAction\":[{\"@type\":\"ReadAction\",\"target\":[\"https:\/\/www.msd.ch\/de\/60-years-of-msd-switzerland\/\"]}]},{\"@type\":\"WebSite\",\"@id\":\"https:\/\/www.msd.ch\/de\/#website\",\"url\":\"https:\/\/www.msd.ch\/de\/\",\"name\":\"msd.ch\",\"description\":\"MSD erforscht und entwickelt Medikamente und Impfstoffe, die Leben retten und die Gesundheit von Patienten verbessern sollen. In der Schweiz setzen sich 1000 Mitarbeitende in Luzern und Z\u00fcrich daf\u00fcr ein.\",\"potentialAction\":[{\"@type\":\"SearchAction\",\"target\":{\"@type\":\"EntryPoint\",\"urlTemplate\":\"https:\/\/www.msd.ch\/de\/?s={search_term_string}\"},\"query-input\":\"required name=search_term_string\"}],\"inLanguage\":\"en-US\"}]}<\/script>\n<!-- \/ Yoast SEO plugin. -->","yoast_head_json":{"title":"60 Jahre MSD Schweiz - msd.ch","description":"Unsere Erfolgsgeschichte ist von bedeutenden Meilensteinen gepr\u00e4gt. Wir nehmen Sie mit in die Vergangenheit und in die Zukunft.","robots":{"index":"index","follow":"follow","max-snippet":"max-snippet:-1","max-image-preview":"max-image-preview:large","max-video-preview":"max-video-preview:-1"},"canonical":"https:\/\/www.msd.ch\/de\/60-years-of-msd-switzerland\/","og_locale":"en_US","og_type":"article","og_title":"60 Jahre MSD Schweiz","og_description":"Mit einer Niederlassung in Z\u00fcrich im Jahr 1963 begann unsere Erfolgsgeschichte. Erfahren Sie, wie alles begann und wer wir heute sind.","og_url":"https:\/\/www.msd.ch\/de\/60-years-of-msd-switzerland\/","og_site_name":"msd.ch","article_modified_time":"2026-03-10T08:32:08+00:00","og_image":[{"url":"https:\/\/www.msd.ch\/de\/wp-content\/uploads\/sites\/88\/2023\/05\/Change-Sign-after-merger-1956-e1684858228834.jpg?w=2166","width":2166,"height":2160,"type":"image\/jpeg"}],"twitter_card":"summary_large_image","twitter_misc":{"Est. reading time":"1 minute"},"schema":{"@context":"https:\/\/schema.org","@graph":[{"@type":"WebPage","@id":"https:\/\/www.msd.ch\/de\/60-years-of-msd-switzerland\/","url":"https:\/\/www.msd.ch\/de\/60-years-of-msd-switzerland\/","name":"60 Jahre MSD Schweiz - msd.ch","isPartOf":{"@id":"https:\/\/www.msd.ch\/de\/#website"},"datePublished":"2023-05-24T14:57:10+00:00","dateModified":"2026-03-10T08:32:08+00:00","description":"Unsere Erfolgsgeschichte ist von bedeutenden Meilensteinen gepr\u00e4gt. Wir nehmen Sie mit in die Vergangenheit und in die Zukunft.","inLanguage":"en-US","potentialAction":[{"@type":"ReadAction","target":["https:\/\/www.msd.ch\/de\/60-years-of-msd-switzerland\/"]}]},{"@type":"WebSite","@id":"https:\/\/www.msd.ch\/de\/#website","url":"https:\/\/www.msd.ch\/de\/","name":"msd.ch","description":"MSD erforscht und entwickelt Medikamente und Impfstoffe, die Leben retten und die Gesundheit von Patienten verbessern sollen. In der Schweiz setzen sich 1000 Mitarbeitende in Luzern und Z\u00fcrich daf\u00fcr ein.","potentialAction":[{"@type":"SearchAction","target":{"@type":"EntryPoint","urlTemplate":"https:\/\/www.msd.ch\/de\/?s={search_term_string}"},"query-input":"required name=search_term_string"}],"inLanguage":"en-US"}]}},"acf":[],"_links":{"self":[{"href":"https:\/\/www.msd.ch\/de\/wp-json\/wp\/v2\/pages\/8875","targetHints":{"allow":["GET"]}}],"collection":[{"href":"https:\/\/www.msd.ch\/de\/wp-json\/wp\/v2\/pages"}],"about":[{"href":"https:\/\/www.msd.ch\/de\/wp-json\/wp\/v2\/types\/page"}],"author":[{"embeddable":true,"href":"https:\/\/www.msd.ch\/de\/wp-json\/wp\/v2\/users\/282"}],"replies":[{"embeddable":true,"href":"https:\/\/www.msd.ch\/de\/wp-json\/wp\/v2\/comments?post=8875"}],"version-history":[{"count":100,"href":"https:\/\/www.msd.ch\/de\/wp-json\/wp\/v2\/pages\/8875\/revisions"}],"predecessor-version":[{"id":13771,"href":"https:\/\/www.msd.ch\/de\/wp-json\/wp\/v2\/pages\/8875\/revisions\/13771"}],"wp:featuredmedia":[{"embeddable":true,"href":"https:\/\/www.msd.ch\/de\/wp-json\/wp\/v2\/media\/8444"}],"wp:attachment":[{"href":"https:\/\/www.msd.ch\/de\/wp-json\/wp\/v2\/media?parent=8875"}],"curies":[{"name":"wp","href":"https:\/\/api.w.org\/{rel}","templated":true}]}}