{"id":6519,"date":"2023-06-01T16:56:53","date_gmt":"2023-06-01T14:56:53","guid":{"rendered":"https:\/\/www.msd.ch\/fr\/?page_id=6519"},"modified":"2026-03-10T11:56:12","modified_gmt":"2026-03-10T09:56:12","slug":"60-years-of-msd-switzerland","status":"publish","type":"page","link":"https:\/\/www.msd.ch\/fr\/60-years-of-msd-switzerland\/","title":{"rendered":"Les 60\u00a0ans de MSD Suisse"},"content":{"rendered":"\n<div id=\"mco-b2-hero-block-block_5467cdfee71176ede9cacca6848c3bde\" class=\"mco-b2-hero-block full mccberg-block\">\n    <div class=\"mco-b2-hero-block-wrapper\">\n        <div class=\"mco-b2-hero-block-image-section \">\n                            <div class=\"mco-b2-hero-block-image-container \">\n                    <picture >\n\t<source media=\"(max-width: 767px)\" data-srcset=\"https:\/\/www.msd.ch\/fr\/wp-content\/uploads\/sites\/87\/2023\/06\/Change-Sign-after-merger-1956-e1684858228834.jpg?w=768\" srcset=\"https:\/\/www.msd.ch\/fr\/wp-content\/uploads\/sites\/87\/2023\/06\/Change-Sign-after-merger-1956-e1684858228834.jpg?w=768\" >\n<source media=\"(min-width: 768px) and (max-width: 1199px)\" data-srcset=\"https:\/\/www.msd.ch\/fr\/wp-content\/uploads\/sites\/87\/2023\/06\/Change-Sign-after-merger-1956-e1684858228834.jpg?h=768\" srcset=\"https:\/\/www.msd.ch\/fr\/wp-content\/uploads\/sites\/87\/2023\/06\/Change-Sign-after-merger-1956-e1684858228834.jpg?h=768\" >\n<source media=\"(min-width: 1200px) and (max-width: 1919px)\" data-srcset=\"https:\/\/www.msd.ch\/fr\/wp-content\/uploads\/sites\/87\/2023\/06\/Change-Sign-after-merger-1956-e1684858228834.jpg?w=1200\" srcset=\"https:\/\/www.msd.ch\/fr\/wp-content\/uploads\/sites\/87\/2023\/06\/Change-Sign-after-merger-1956-e1684858228834.jpg?w=1200\" >\n<source media=\"(min-width: 1920px)\" data-srcset=\"https:\/\/www.msd.ch\/fr\/wp-content\/uploads\/sites\/87\/2023\/06\/Change-Sign-after-merger-1956-e1684858228834.jpg?w=1920\" srcset=\"https:\/\/www.msd.ch\/fr\/wp-content\/uploads\/sites\/87\/2023\/06\/Change-Sign-after-merger-1956-e1684858228834.jpg?w=1920\" >\n\t<img data-src=\"https:\/\/www.msd.ch\/fr\/wp-content\/uploads\/sites\/87\/2023\/06\/Change-Sign-after-merger-1956-e1684858228834.jpg?w=1920\" alt=\"Un homme d\u00e9crit l&#039;enseigne de Merck &amp; Co., Inc., Rahway, NJ, USA\" class=\"eager \" loading=\"eager\" \/>\n<\/picture>                                    <\/div>\n                        <div class=\"mco-b2-hero-block-image-container-two\">\n                            <\/div>\n        <\/div>\n\n        <div class=\"mco-b2-hero-block-content-section\">\n                                        <small class=\"tagline\">Company<\/small>\n            \n                            <h1>Les 60 ans de MSD Suisse <\/h1>\n            \n                            <div class=\"mco-b2-hero-block-description\"><h4><strong>Notre parcours et nos succ\u00e8s<\/strong><\/h4>\n<p>La cr\u00e9ation d&#8217;une filiale \u00e0 Lucerne en 1963 a marqu\u00e9 le d\u00e9but d&#8217;un parcours constell\u00e9 de succ\u00e8s. Il est sem\u00e9 de jalons d\u00e9cisifs qui ont fait de nous ce que nous sommes aujourd&#8217;hui: l&#8217;un des leaders de la recherche biopharmaceutique en Suisse.<\/p>\n<p>Comment tout a commenc\u00e9 et qui nous sommes aujourd&#8217;hui.<\/p>\n<\/div>\n            \n                    <\/div>\n    <\/div>\n\n    \n<\/div>\n\n\n\n\n<div class=\"testimonial-container mccberg-block\">\n\n<div class=\"testimonial-slider\">\n\n\t\t<div class=\"testimonial-slider-item\">\n\n\t\t<div class=\"column-wrap\">\n\n\t\t\t\n\t\t\t<div class=\"column full-width\">\n\t\t\t\t<blockquote class=\"curly-quotes\">\n\t\t\t\t\t<h2>\u00abChaque jour, nous mettons tout en \u0153uvre pour am\u00e9liorer la qualit\u00e9 de vie et prolonger l&#039;esp\u00e9rance de vie des patients.\u00bb<\/h2>\n\t\t\t\t<\/blockquote>\n\n\t\t\t\t<div class=\"testimonial-info\">\n\t\t\t\t\t\t\t\t\t\t\t\t<h5 class=\"testimonial-name\">Dimitri Gitas<\/h5>\n\t\t\t\t\t\t\t\t\t\t\t\t\t\t\t\t\t\t<p class=\"testimonial-pos-loc\">Managing Director  &#183; MSD Switzerland<\/p>\n\t\t\t\t\t\t\t\t\t<\/div>\n\t\t\t\t\t\t\t\t<div class=\"testimonial-cta\">\n\t\t\t\t\t\t\t\t\t\t\t\t\t\t<\/div>\n\t\t\t\t\n\t\t\t<div class=\"testimonial-nav\">\n\t\n\t\t<div id=\"testimonial-nav-prev\" class=\"btn-previous\">\n\t\t\t<svg class=\"btn-previous-wrapper\" xmlns=\"http:\/\/www.w3.org\/2000\/svg\">\n\t<title>Previous<\/title>\n\t<path class=\"btn-previous-meter\" d=\"M8.5,16.5a8,8,0,1,1,8-8A8.009,8.009,0,0,1,8.5,16.5Z\" \/>\n\t<path class=\"btn-next-progress\" d=\"M8.5,16.5a8,8,0,1,1,8-8A8.009,8.009,0,0,1,8.5,16.5Z\" \/>\n\t<image class=\"btn-previous-icon\" x=\"5\" y=\"4\" width=\"6\" height=\"10\" xlink:href=\"\/wp-content\/themes\/cex-wpvip-mhh-mhh2-mcc-theme\/images\/arrow-left.svg\" \/>\n\t<image class=\"btn-previous-icon-hover\" x=\"5\" y=\"4\" width=\"6\" height=\"10\" xlink:href=\"\/wp-content\/themes\/cex-wpvip-mhh-mhh2-mcc-theme\/images\/arrow-left-white.svg\" \/>\n<\/svg>\n\t\t<\/div>\n\t\t<div id=\"testimonial-nav-next\" class=\"btn-next\">\n\t\t\t<svg class=\"btn-next-wrapper\" xmlns=\"http:\/\/www.w3.org\/2000\/svg\">\n\t<title>Next<\/title>\n\t<path class=\"btn-next-meter\" d=\"M8.5,16.5a8,8,0,1,1,8-8A8.009,8.009,0,0,1,8.5,16.5Z\" \/>\n\t<path class=\"btn-next-progress\" d=\"M8.5,16.5a8,8,0,1,1,8-8A8.009,8.009,0,0,1,8.5,16.5Z\" \/>\n\t<image class=\"btn-next-icon\" x=\"6\" y=\"4\" width=\"6\" height=\"10\" xlink:href=\"\/wp-content\/themes\/cex-wpvip-mhh-mhh2-mcc-theme\/images\/arrow-right.svg\" \/>\n\t<image class=\"btn-next-icon-hover\" x=\"6\" y=\"4\" width=\"6\" height=\"10\" xlink:href=\"\/wp-content\/themes\/cex-wpvip-mhh-mhh2-mcc-theme\/images\/arrow-right-white.svg\" \/>\n<\/svg>\n\t\t<\/div>\n\t\n<\/div>\n\t\t\t<\/div>\n\n\t\t<\/div>\n\n\t<\/div>\n\t\n<\/div>\n\n\n\n<\/div>\n\n\n\n<h2 class=\"wp-block-heading has-text-align-center\">Nos jalons en Suisse<\/h2>\n\n\n<div id=\"mco-b5-content-block-block_7067f18e16fa4c55d296264df339fb15\"\n     class=\"mco-b5-content-block mccberg-block left\">\n    <div class=\"wrapper\">\n\t\t\t\t\t\t\t            <div class=\"mco-b5-content-block-image-section \">\n\t\t\t\t                <picture aria-label=\"Des hommes s&#039;assoient \u00e0 la table et signent des contrats\">\n                                                                        <source media=\"(max-width: 767px)\"\n                                    data-srcset=\"https:\/\/www.msd.ch\/fr\/wp-content\/uploads\/sites\/87\/2021\/06\/1963-First-Swiss-Subsidiary-founded.jpg?resize=696,425\"\n                                    srcset=\"https:\/\/www.msd.ch\/fr\/wp-content\/uploads\/sites\/87\/2021\/06\/1963-First-Swiss-Subsidiary-founded.jpg?resize=696,425\" \/>\n                                                                                                <source media=\"(min-width: 768px) and (max-width: 1199px)\"\n                                    data-srcset=\"https:\/\/www.msd.ch\/fr\/wp-content\/uploads\/sites\/87\/2021\/06\/1963-First-Swiss-Subsidiary-founded.jpg?resize=384,468\"\n                                    srcset=\"https:\/\/www.msd.ch\/fr\/wp-content\/uploads\/sites\/87\/2021\/06\/1963-First-Swiss-Subsidiary-founded.jpg?resize=384,468\" \/>\n                                                                                                <source media=\"(min-width: 1200px)\"\n                                    data-srcset=\"https:\/\/www.msd.ch\/fr\/wp-content\/uploads\/sites\/87\/2021\/06\/1963-First-Swiss-Subsidiary-founded.jpg?resize=750,650\"\n                                    srcset=\"https:\/\/www.msd.ch\/fr\/wp-content\/uploads\/sites\/87\/2021\/06\/1963-First-Swiss-Subsidiary-founded.jpg?resize=750,650\" \/>\n                                                                                                <source media=\"(min-width: 1600px)\"\n                                    data-srcset=\"https:\/\/www.msd.ch\/fr\/wp-content\/uploads\/sites\/87\/2021\/06\/1963-First-Swiss-Subsidiary-founded.jpg?resize=850,744\"\n                                    srcset=\"https:\/\/www.msd.ch\/fr\/wp-content\/uploads\/sites\/87\/2021\/06\/1963-First-Swiss-Subsidiary-founded.jpg?resize=850,744\" \/>\n                                                                                                <source media=\"(min-width: 1920px)\"\n                                    data-srcset=\"https:\/\/www.msd.ch\/fr\/wp-content\/uploads\/sites\/87\/2021\/06\/1963-First-Swiss-Subsidiary-founded.jpg?resize=980,832\"\n                                    srcset=\"https:\/\/www.msd.ch\/fr\/wp-content\/uploads\/sites\/87\/2021\/06\/1963-First-Swiss-Subsidiary-founded.jpg?resize=980,832\" \/>\n                                                                                                <img\n                                data-src=\"https:\/\/www.msd.ch\/fr\/wp-content\/uploads\/sites\/87\/2021\/06\/1963-First-Swiss-Subsidiary-founded.jpg?resize=650,544\"\n                                alt=\"Des hommes s&#039;assoient \u00e0 la table et signent des contrats\"\n                                class=\"lazyload parallax-scroll\"\n                                loading=\"lazy\"\n                            \/>\n                                                            <\/picture>\n\t\t\t\t            <\/div>\n\t\t        <div class=\"mco-b5-content-block-content-section\">\n\t\t\t\n\t\t\t                <h3 class=\"mco-b5-content-block-heading mcc-b5-normal-title\">\n                    1963                <\/h3 >\n\t\t\t\n\t\t\t                <div class=\"mco-b5-content-block-description\"><h4>Ouverture de la premi\u00e8re filiale suisse de MSD \u00e0 Lucerne<\/h4>\n<p>La m\u00eame ann\u00e9e, Schering-Plough cr\u00e9e une filiale \u00e0 Lucerne, baptis\u00e9e Essex Chemie AG.<\/p>\n<p><em>(Schering-Plough et MSD fusionneront plus tard \u00e0 l&#8217;\u00e9chelle internationale.)<\/em><\/p>\n<\/div>\n\t\t\t\n                        <div class=\"mco-b5-content-block-content-buttons-container\">\n\t\t\t\t\t\t\t\t\t\t\t\t            <\/div>\n        <\/div>\n    <\/div>\n<\/div>\n<div class=\"mco-b5-content-block-modal popup\" style=\"display: none;\" role=\"dialog\" >\n    <div class=\"popup-wrapper\">\n        <div class=\"mco-b5-content-block-modal-content popup-content\">\n            <button class=\"mco-b5-content-block-modal-close popup-close\" >&times;<\/button>\n            <div class=\"mco-b5-content-block-modal-video\"><\/div>\n        <\/div>\n    <\/div>\n<\/div>\n\n\n<div id=\"mco-b5-content-block-block_229084317348077a4baa70095d6aef80\"\n     class=\"mco-b5-content-block mccberg-block right\">\n    <div class=\"wrapper\">\n\t\t\t\t\t\t\t            <div class=\"mco-b5-content-block-image-section \">\n\t\t\t\t                <picture aria-label=\"Personnes en habits de f\u00eate sur la terrasse\">\n                                                                        <source media=\"(max-width: 767px)\"\n                                    data-srcset=\"https:\/\/www.msd.ch\/fr\/wp-content\/uploads\/sites\/87\/2023\/06\/Eroffnung_WerthensteinChemieAG_1976.jpg?resize=696,425\"\n                                    srcset=\"https:\/\/www.msd.ch\/fr\/wp-content\/uploads\/sites\/87\/2023\/06\/Eroffnung_WerthensteinChemieAG_1976.jpg?resize=696,425\" \/>\n                                                                                                <source media=\"(min-width: 768px) and (max-width: 1199px)\"\n                                    data-srcset=\"https:\/\/www.msd.ch\/fr\/wp-content\/uploads\/sites\/87\/2023\/06\/Eroffnung_WerthensteinChemieAG_1976.jpg?resize=384,468\"\n                                    srcset=\"https:\/\/www.msd.ch\/fr\/wp-content\/uploads\/sites\/87\/2023\/06\/Eroffnung_WerthensteinChemieAG_1976.jpg?resize=384,468\" \/>\n                                                                                                <source media=\"(min-width: 1200px)\"\n                                    data-srcset=\"https:\/\/www.msd.ch\/fr\/wp-content\/uploads\/sites\/87\/2023\/06\/Eroffnung_WerthensteinChemieAG_1976.jpg?resize=750,650\"\n                                    srcset=\"https:\/\/www.msd.ch\/fr\/wp-content\/uploads\/sites\/87\/2023\/06\/Eroffnung_WerthensteinChemieAG_1976.jpg?resize=750,650\" \/>\n                                                                                                <source media=\"(min-width: 1600px)\"\n                                    data-srcset=\"https:\/\/www.msd.ch\/fr\/wp-content\/uploads\/sites\/87\/2023\/06\/Eroffnung_WerthensteinChemieAG_1976.jpg?resize=850,744\"\n                                    srcset=\"https:\/\/www.msd.ch\/fr\/wp-content\/uploads\/sites\/87\/2023\/06\/Eroffnung_WerthensteinChemieAG_1976.jpg?resize=850,744\" \/>\n                                                                                                <source media=\"(min-width: 1920px)\"\n                                    data-srcset=\"https:\/\/www.msd.ch\/fr\/wp-content\/uploads\/sites\/87\/2023\/06\/Eroffnung_WerthensteinChemieAG_1976.jpg?resize=980,832\"\n                                    srcset=\"https:\/\/www.msd.ch\/fr\/wp-content\/uploads\/sites\/87\/2023\/06\/Eroffnung_WerthensteinChemieAG_1976.jpg?resize=980,832\" \/>\n                                                                                                <img\n                                data-src=\"https:\/\/www.msd.ch\/fr\/wp-content\/uploads\/sites\/87\/2023\/06\/Eroffnung_WerthensteinChemieAG_1976.jpg?resize=650,544\"\n                                alt=\"Personnes en habits de f\u00eate sur la terrasse\"\n                                class=\"lazyload parallax-scroll\"\n                                loading=\"lazy\"\n                            \/>\n                                                            <\/picture>\n\t\t\t\t            <\/div>\n\t\t        <div class=\"mco-b5-content-block-content-section\">\n\t\t\t\n\t\t\t                <h3 class=\"mco-b5-content-block-heading mcc-b5-normal-title\">\n                    1975                <\/h3 >\n\t\t\t\n\t\t\t                <div class=\"mco-b5-content-block-description\"><h4>Ouverture du centre de recherche et d\u00e9veloppement de MSD \u00e0 Schachen<\/h4>\n<p>Schering-Plough d\u00e9veloppe sa pr\u00e9sence en Suisse et ouvre un laboratoire de recherche et d\u00e9veloppement \u00e0 Schachen (LU), baptis\u00e9 Werthenstein Chemie AG.<\/p>\n<p>&nbsp;<\/p>\n<\/div>\n\t\t\t\n                        <div class=\"mco-b5-content-block-content-buttons-container\">\n\t\t\t\t\t\t\t\t\t\t\t\t            <\/div>\n        <\/div>\n    <\/div>\n<\/div>\n<div class=\"mco-b5-content-block-modal popup\" style=\"display: none;\" role=\"dialog\" >\n    <div class=\"popup-wrapper\">\n        <div class=\"mco-b5-content-block-modal-content popup-content\">\n            <button class=\"mco-b5-content-block-modal-close popup-close\" >&times;<\/button>\n            <div class=\"mco-b5-content-block-modal-video\"><\/div>\n        <\/div>\n    <\/div>\n<\/div>\n\n\n<div id=\"mco-b5-content-block-block_796c96c56e0537ded825834c850ba495\"\n     class=\"mco-b5-content-block mccberg-block left\">\n    <div class=\"wrapper\">\n\t\t\t\t\t\t\t            <div class=\"mco-b5-content-block-image-section \">\n\t\t\t\t                <picture aria-label=\"Femme regardant la cam\u00e9ra\">\n                                                                        <source media=\"(max-width: 767px)\"\n                                    data-srcset=\"https:\/\/www.msd.ch\/fr\/wp-content\/uploads\/sites\/87\/2021\/06\/1987-MSD-introduced-the-first-commercial-statin-MER-70004-0019-0001.jpg?resize=696,425\"\n                                    srcset=\"https:\/\/www.msd.ch\/fr\/wp-content\/uploads\/sites\/87\/2021\/06\/1987-MSD-introduced-the-first-commercial-statin-MER-70004-0019-0001.jpg?resize=696,425\" \/>\n                                                                                                <source media=\"(min-width: 768px) and (max-width: 1199px)\"\n                                    data-srcset=\"https:\/\/www.msd.ch\/fr\/wp-content\/uploads\/sites\/87\/2021\/06\/1987-MSD-introduced-the-first-commercial-statin-MER-70004-0019-0001.jpg?resize=384,468\"\n                                    srcset=\"https:\/\/www.msd.ch\/fr\/wp-content\/uploads\/sites\/87\/2021\/06\/1987-MSD-introduced-the-first-commercial-statin-MER-70004-0019-0001.jpg?resize=384,468\" \/>\n                                                                                                <source media=\"(min-width: 1200px)\"\n                                    data-srcset=\"https:\/\/www.msd.ch\/fr\/wp-content\/uploads\/sites\/87\/2021\/06\/1987-MSD-introduced-the-first-commercial-statin-MER-70004-0019-0001.jpg?resize=750,650\"\n                                    srcset=\"https:\/\/www.msd.ch\/fr\/wp-content\/uploads\/sites\/87\/2021\/06\/1987-MSD-introduced-the-first-commercial-statin-MER-70004-0019-0001.jpg?resize=750,650\" \/>\n                                                                                                <source media=\"(min-width: 1600px)\"\n                                    data-srcset=\"https:\/\/www.msd.ch\/fr\/wp-content\/uploads\/sites\/87\/2021\/06\/1987-MSD-introduced-the-first-commercial-statin-MER-70004-0019-0001.jpg?resize=850,744\"\n                                    srcset=\"https:\/\/www.msd.ch\/fr\/wp-content\/uploads\/sites\/87\/2021\/06\/1987-MSD-introduced-the-first-commercial-statin-MER-70004-0019-0001.jpg?resize=850,744\" \/>\n                                                                                                <source media=\"(min-width: 1920px)\"\n                                    data-srcset=\"https:\/\/www.msd.ch\/fr\/wp-content\/uploads\/sites\/87\/2021\/06\/1987-MSD-introduced-the-first-commercial-statin-MER-70004-0019-0001.jpg?resize=980,832\"\n                                    srcset=\"https:\/\/www.msd.ch\/fr\/wp-content\/uploads\/sites\/87\/2021\/06\/1987-MSD-introduced-the-first-commercial-statin-MER-70004-0019-0001.jpg?resize=980,832\" \/>\n                                                                                                <img\n                                data-src=\"https:\/\/www.msd.ch\/fr\/wp-content\/uploads\/sites\/87\/2021\/06\/1987-MSD-introduced-the-first-commercial-statin-MER-70004-0019-0001.jpg?resize=650,544\"\n                                alt=\"Femme regardant la cam\u00e9ra\"\n                                class=\"lazyload parallax-scroll\"\n                                loading=\"lazy\"\n                            \/>\n                                                            <\/picture>\n\t\t\t\t            <\/div>\n\t\t        <div class=\"mco-b5-content-block-content-section\">\n\t\t\t\n\t\t\t                <h3 class=\"mco-b5-content-block-heading mcc-b5-normal-title\">\n                    1990                <\/h3 >\n\t\t\t\n\t\t\t                <div class=\"mco-b5-content-block-description\"><h4>MSD lance le premier hypolip\u00e9miant sur le march\u00e9<\/h4>\n<\/div>\n\t\t\t\n                        <div class=\"mco-b5-content-block-content-buttons-container\">\n\t\t\t\t\t\t\t\t\t\t\t\t            <\/div>\n        <\/div>\n    <\/div>\n<\/div>\n<div class=\"mco-b5-content-block-modal popup\" style=\"display: none;\" role=\"dialog\" >\n    <div class=\"popup-wrapper\">\n        <div class=\"mco-b5-content-block-modal-content popup-content\">\n            <button class=\"mco-b5-content-block-modal-close popup-close\" >&times;<\/button>\n            <div class=\"mco-b5-content-block-modal-video\"><\/div>\n        <\/div>\n    <\/div>\n<\/div>\n\n\n<div id=\"mco-b5-content-block-block_1c3630e3bf304831e12ba6901cdb4e3c\"\n     class=\"mco-b5-content-block mccberg-block right\">\n    <div class=\"wrapper\">\n\t\t\t\t\t\t\t            <div class=\"mco-b5-content-block-image-section \">\n\t\t\t\t                <picture aria-label=\"Une \u00e9quipe de chercheurs sourit dans le laboratoire\">\n                                                                        <source media=\"(max-width: 767px)\"\n                                    data-srcset=\"https:\/\/www.msd.ch\/fr\/wp-content\/uploads\/sites\/87\/2020\/11\/1996-CRIXIVAN.jpg?resize=696,425\"\n                                    srcset=\"https:\/\/www.msd.ch\/fr\/wp-content\/uploads\/sites\/87\/2020\/11\/1996-CRIXIVAN.jpg?resize=696,425\" \/>\n                                                                                                <source media=\"(min-width: 768px) and (max-width: 1199px)\"\n                                    data-srcset=\"https:\/\/www.msd.ch\/fr\/wp-content\/uploads\/sites\/87\/2020\/11\/1996-CRIXIVAN.jpg?resize=384,468\"\n                                    srcset=\"https:\/\/www.msd.ch\/fr\/wp-content\/uploads\/sites\/87\/2020\/11\/1996-CRIXIVAN.jpg?resize=384,468\" \/>\n                                                                                                <source media=\"(min-width: 1200px)\"\n                                    data-srcset=\"https:\/\/www.msd.ch\/fr\/wp-content\/uploads\/sites\/87\/2020\/11\/1996-CRIXIVAN.jpg?resize=750,650\"\n                                    srcset=\"https:\/\/www.msd.ch\/fr\/wp-content\/uploads\/sites\/87\/2020\/11\/1996-CRIXIVAN.jpg?resize=750,650\" \/>\n                                                                                                <source media=\"(min-width: 1600px)\"\n                                    data-srcset=\"https:\/\/www.msd.ch\/fr\/wp-content\/uploads\/sites\/87\/2020\/11\/1996-CRIXIVAN.jpg?resize=850,744\"\n                                    srcset=\"https:\/\/www.msd.ch\/fr\/wp-content\/uploads\/sites\/87\/2020\/11\/1996-CRIXIVAN.jpg?resize=850,744\" \/>\n                                                                                                <source media=\"(min-width: 1920px)\"\n                                    data-srcset=\"https:\/\/www.msd.ch\/fr\/wp-content\/uploads\/sites\/87\/2020\/11\/1996-CRIXIVAN.jpg?resize=980,832\"\n                                    srcset=\"https:\/\/www.msd.ch\/fr\/wp-content\/uploads\/sites\/87\/2020\/11\/1996-CRIXIVAN.jpg?resize=980,832\" \/>\n                                                                                                <img\n                                data-src=\"https:\/\/www.msd.ch\/fr\/wp-content\/uploads\/sites\/87\/2020\/11\/1996-CRIXIVAN.jpg?resize=650,544\"\n                                alt=\"Une \u00e9quipe de chercheurs sourit dans le laboratoire\"\n                                class=\"lazyload parallax-scroll\"\n                                loading=\"lazy\"\n                            \/>\n                                                            <\/picture>\n\t\t\t\t            <\/div>\n\t\t        <div class=\"mco-b5-content-block-content-section\">\n\t\t\t\n\t\t\t                <h3 class=\"mco-b5-content-block-heading mcc-b5-normal-title\">\n                    1996                <\/h3 >\n\t\t\t\n\t\t\t                <div class=\"mco-b5-content-block-description\"><h4>MSD obtient l&#8217;autorisation de mise sur le march\u00e9 d&#8217;un m\u00e9dicament pour le traitement du VIH<\/h4>\n<p>Apr\u00e8s l&#8217;homologation par la FDA de la substance active de MSD aux \u00c9tats-Unis en un d\u00e9lai record de 42 jours, le m\u00e9dicament contre le VIH est \u00e9galement approuv\u00e9 en Suisse. Il apporte une contribution d\u00e9cisive \u00e0 la survie des personnes infect\u00e9es par le VIH.<\/p>\n<\/div>\n\t\t\t\n                        <div class=\"mco-b5-content-block-content-buttons-container\">\n\t\t\t\t\t\t\t\t\t\t\t\t            <\/div>\n        <\/div>\n    <\/div>\n<\/div>\n<div class=\"mco-b5-content-block-modal popup\" style=\"display: none;\" role=\"dialog\" >\n    <div class=\"popup-wrapper\">\n        <div class=\"mco-b5-content-block-modal-content popup-content\">\n            <button class=\"mco-b5-content-block-modal-close popup-close\" >&times;<\/button>\n            <div class=\"mco-b5-content-block-modal-video\"><\/div>\n        <\/div>\n    <\/div>\n<\/div>\n\n\n<div id=\"mco-b5-content-block-block_caafc7cdfe638a9b912f03e10ecccd4f\"\n     class=\"mco-b5-content-block mccberg-block left\">\n    <div class=\"wrapper\">\n\t\t\t\t\t\t\t            <div class=\"mco-b5-content-block-image-section \">\n\t\t\t\t                <picture aria-label=\"Femme scientifique au travail dans un laboratoire\">\n                                                                        <source media=\"(max-width: 767px)\"\n                                    data-srcset=\"https:\/\/www.msd.ch\/fr\/wp-content\/uploads\/sites\/87\/2021\/06\/2006-First-cervical-cancer-vaccine-AV10096A.jpg?resize=696,425\"\n                                    srcset=\"https:\/\/www.msd.ch\/fr\/wp-content\/uploads\/sites\/87\/2021\/06\/2006-First-cervical-cancer-vaccine-AV10096A.jpg?resize=696,425\" \/>\n                                                                                                <source media=\"(min-width: 768px) and (max-width: 1199px)\"\n                                    data-srcset=\"https:\/\/www.msd.ch\/fr\/wp-content\/uploads\/sites\/87\/2021\/06\/2006-First-cervical-cancer-vaccine-AV10096A.jpg?resize=384,468\"\n                                    srcset=\"https:\/\/www.msd.ch\/fr\/wp-content\/uploads\/sites\/87\/2021\/06\/2006-First-cervical-cancer-vaccine-AV10096A.jpg?resize=384,468\" \/>\n                                                                                                <source media=\"(min-width: 1200px)\"\n                                    data-srcset=\"https:\/\/www.msd.ch\/fr\/wp-content\/uploads\/sites\/87\/2021\/06\/2006-First-cervical-cancer-vaccine-AV10096A.jpg?resize=750,650\"\n                                    srcset=\"https:\/\/www.msd.ch\/fr\/wp-content\/uploads\/sites\/87\/2021\/06\/2006-First-cervical-cancer-vaccine-AV10096A.jpg?resize=750,650\" \/>\n                                                                                                <source media=\"(min-width: 1600px)\"\n                                    data-srcset=\"https:\/\/www.msd.ch\/fr\/wp-content\/uploads\/sites\/87\/2021\/06\/2006-First-cervical-cancer-vaccine-AV10096A.jpg?resize=850,744\"\n                                    srcset=\"https:\/\/www.msd.ch\/fr\/wp-content\/uploads\/sites\/87\/2021\/06\/2006-First-cervical-cancer-vaccine-AV10096A.jpg?resize=850,744\" \/>\n                                                                                                <source media=\"(min-width: 1920px)\"\n                                    data-srcset=\"https:\/\/www.msd.ch\/fr\/wp-content\/uploads\/sites\/87\/2021\/06\/2006-First-cervical-cancer-vaccine-AV10096A.jpg?resize=980,832\"\n                                    srcset=\"https:\/\/www.msd.ch\/fr\/wp-content\/uploads\/sites\/87\/2021\/06\/2006-First-cervical-cancer-vaccine-AV10096A.jpg?resize=980,832\" \/>\n                                                                                                <img\n                                data-src=\"https:\/\/www.msd.ch\/fr\/wp-content\/uploads\/sites\/87\/2021\/06\/2006-First-cervical-cancer-vaccine-AV10096A.jpg?resize=650,544\"\n                                alt=\"Femme scientifique au travail dans un laboratoire\"\n                                class=\"lazyload parallax-scroll\"\n                                loading=\"lazy\"\n                            \/>\n                                                            <\/picture>\n\t\t\t\t            <\/div>\n\t\t        <div class=\"mco-b5-content-block-content-section\">\n\t\t\t\n\t\t\t                <h3 class=\"mco-b5-content-block-heading mcc-b5-normal-title\">\n                    2006                <\/h3 >\n\t\t\t\n\t\t\t                <div class=\"mco-b5-content-block-description\"><h4>MSD commercialise le premier vaccin contre le cancer du col de l&#8217;ut\u00e9rus<\/h4>\n<p>Le vaccin prot\u00e8ge contre certains types de papillomavirus humain (HPV), qui constituent la cause la plus fr\u00e9quente de cancer du col de l&#8217;ut\u00e9rus.<\/p>\n<\/div>\n\t\t\t\n                        <div class=\"mco-b5-content-block-content-buttons-container\">\n\t\t\t\t\t\t\t\t\t\t\t\t            <\/div>\n        <\/div>\n    <\/div>\n<\/div>\n<div class=\"mco-b5-content-block-modal popup\" style=\"display: none;\" role=\"dialog\" >\n    <div class=\"popup-wrapper\">\n        <div class=\"mco-b5-content-block-modal-content popup-content\">\n            <button class=\"mco-b5-content-block-modal-close popup-close\" >&times;<\/button>\n            <div class=\"mco-b5-content-block-modal-video\"><\/div>\n        <\/div>\n    <\/div>\n<\/div>\n\n\n<div id=\"mco-b5-content-block-block_26a9b670d0ebcef112e63a3f2cb0801c\"\n     class=\"mco-b5-content-block mccberg-block right\">\n    <div class=\"wrapper\">\n\t\t\t\t\t\t\t            <div class=\"mco-b5-content-block-image-section \">\n\t\t\t\t                <picture aria-label=\"Pour cette d\u00e9couverte, Ann E. Weber et Nancy A. Thornberry ont re\u00e7u le discoverers\u2019 Award de la\u202fPhRMA (Pharmaceutical Research and Manufacturers of\u202fAmerica).\">\n                                                                        <source media=\"(max-width: 767px)\"\n                                    data-srcset=\"https:\/\/www.msd.ch\/fr\/wp-content\/uploads\/sites\/87\/2020\/11\/2006-JANUVIA-122313_Thornberry_Weber-e1631944111750.jpg?resize=696,425\"\n                                    srcset=\"https:\/\/www.msd.ch\/fr\/wp-content\/uploads\/sites\/87\/2020\/11\/2006-JANUVIA-122313_Thornberry_Weber-e1631944111750.jpg?resize=696,425\" \/>\n                                                                                                <source media=\"(min-width: 768px) and (max-width: 1199px)\"\n                                    data-srcset=\"https:\/\/www.msd.ch\/fr\/wp-content\/uploads\/sites\/87\/2020\/11\/2006-JANUVIA-122313_Thornberry_Weber-e1631944111750.jpg?resize=384,468\"\n                                    srcset=\"https:\/\/www.msd.ch\/fr\/wp-content\/uploads\/sites\/87\/2020\/11\/2006-JANUVIA-122313_Thornberry_Weber-e1631944111750.jpg?resize=384,468\" \/>\n                                                                                                <source media=\"(min-width: 1200px)\"\n                                    data-srcset=\"https:\/\/www.msd.ch\/fr\/wp-content\/uploads\/sites\/87\/2020\/11\/2006-JANUVIA-122313_Thornberry_Weber-e1631944111750.jpg?resize=750,650\"\n                                    srcset=\"https:\/\/www.msd.ch\/fr\/wp-content\/uploads\/sites\/87\/2020\/11\/2006-JANUVIA-122313_Thornberry_Weber-e1631944111750.jpg?resize=750,650\" \/>\n                                                                                                <source media=\"(min-width: 1600px)\"\n                                    data-srcset=\"https:\/\/www.msd.ch\/fr\/wp-content\/uploads\/sites\/87\/2020\/11\/2006-JANUVIA-122313_Thornberry_Weber-e1631944111750.jpg?resize=850,744\"\n                                    srcset=\"https:\/\/www.msd.ch\/fr\/wp-content\/uploads\/sites\/87\/2020\/11\/2006-JANUVIA-122313_Thornberry_Weber-e1631944111750.jpg?resize=850,744\" \/>\n                                                                                                <source media=\"(min-width: 1920px)\"\n                                    data-srcset=\"https:\/\/www.msd.ch\/fr\/wp-content\/uploads\/sites\/87\/2020\/11\/2006-JANUVIA-122313_Thornberry_Weber-e1631944111750.jpg?resize=980,832\"\n                                    srcset=\"https:\/\/www.msd.ch\/fr\/wp-content\/uploads\/sites\/87\/2020\/11\/2006-JANUVIA-122313_Thornberry_Weber-e1631944111750.jpg?resize=980,832\" \/>\n                                                                                                <img\n                                data-src=\"https:\/\/www.msd.ch\/fr\/wp-content\/uploads\/sites\/87\/2020\/11\/2006-JANUVIA-122313_Thornberry_Weber-e1631944111750.jpg?resize=650,544\"\n                                alt=\"Pour cette d\u00e9couverte, Ann E. Weber et Nancy A. Thornberry ont re\u00e7u le discoverers\u2019 Award de la\u202fPhRMA (Pharmaceutical Research and Manufacturers of\u202fAmerica).\"\n                                class=\"lazyload parallax-scroll\"\n                                loading=\"lazy\"\n                            \/>\n                                                            <\/picture>\n\t\t\t\t            <\/div>\n\t\t        <div class=\"mco-b5-content-block-content-section\">\n\t\t\t\n\t\t\t                <h3 class=\"mco-b5-content-block-heading mcc-b5-normal-title\">\n                    2006                <\/h3 >\n\t\t\t\n\t\t\t                <div class=\"mco-b5-content-block-description\"><h4>MSD commercialise le premier traitement oral du diab\u00e8te de type 2<\/h4>\n<\/div>\n\t\t\t\n                        <div class=\"mco-b5-content-block-content-buttons-container\">\n\t\t\t\t\t\t\t\t\t\t\t\t            <\/div>\n        <\/div>\n    <\/div>\n<\/div>\n<div class=\"mco-b5-content-block-modal popup\" style=\"display: none;\" role=\"dialog\" >\n    <div class=\"popup-wrapper\">\n        <div class=\"mco-b5-content-block-modal-content popup-content\">\n            <button class=\"mco-b5-content-block-modal-close popup-close\" >&times;<\/button>\n            <div class=\"mco-b5-content-block-modal-video\"><\/div>\n        <\/div>\n    <\/div>\n<\/div>\n\n\n<div id=\"mco-b5-content-block-block_0514e91f0d3d8886424e18abe6f7eece\"\n     class=\"mco-b5-content-block mccberg-block left\">\n    <div class=\"wrapper\">\n\t\t\t\t\t\t\t            <div class=\"mco-b5-content-block-image-section \">\n\t\t\t\t                <picture aria-label=\"Plusieurs personnes assises dans un amphith\u00e9\u00e2tre\">\n                                                                        <source media=\"(max-width: 767px)\"\n                                    data-srcset=\"https:\/\/www.msd.ch\/fr\/wp-content\/uploads\/sites\/87\/2020\/11\/2009-Merger-with-Schering-Plough.jpg?resize=696,425\"\n                                    srcset=\"https:\/\/www.msd.ch\/fr\/wp-content\/uploads\/sites\/87\/2020\/11\/2009-Merger-with-Schering-Plough.jpg?resize=696,425\" \/>\n                                                                                                <source media=\"(min-width: 768px) and (max-width: 1199px)\"\n                                    data-srcset=\"https:\/\/www.msd.ch\/fr\/wp-content\/uploads\/sites\/87\/2020\/11\/2009-Merger-with-Schering-Plough.jpg?resize=384,468\"\n                                    srcset=\"https:\/\/www.msd.ch\/fr\/wp-content\/uploads\/sites\/87\/2020\/11\/2009-Merger-with-Schering-Plough.jpg?resize=384,468\" \/>\n                                                                                                <source media=\"(min-width: 1200px)\"\n                                    data-srcset=\"https:\/\/www.msd.ch\/fr\/wp-content\/uploads\/sites\/87\/2020\/11\/2009-Merger-with-Schering-Plough.jpg?resize=750,650\"\n                                    srcset=\"https:\/\/www.msd.ch\/fr\/wp-content\/uploads\/sites\/87\/2020\/11\/2009-Merger-with-Schering-Plough.jpg?resize=750,650\" \/>\n                                                                                                <source media=\"(min-width: 1600px)\"\n                                    data-srcset=\"https:\/\/www.msd.ch\/fr\/wp-content\/uploads\/sites\/87\/2020\/11\/2009-Merger-with-Schering-Plough.jpg?resize=850,744\"\n                                    srcset=\"https:\/\/www.msd.ch\/fr\/wp-content\/uploads\/sites\/87\/2020\/11\/2009-Merger-with-Schering-Plough.jpg?resize=850,744\" \/>\n                                                                                                <source media=\"(min-width: 1920px)\"\n                                    data-srcset=\"https:\/\/www.msd.ch\/fr\/wp-content\/uploads\/sites\/87\/2020\/11\/2009-Merger-with-Schering-Plough.jpg?resize=980,832\"\n                                    srcset=\"https:\/\/www.msd.ch\/fr\/wp-content\/uploads\/sites\/87\/2020\/11\/2009-Merger-with-Schering-Plough.jpg?resize=980,832\" \/>\n                                                                                                <img\n                                data-src=\"https:\/\/www.msd.ch\/fr\/wp-content\/uploads\/sites\/87\/2020\/11\/2009-Merger-with-Schering-Plough.jpg?resize=650,544\"\n                                alt=\"Plusieurs personnes assises dans un amphith\u00e9\u00e2tre\"\n                                class=\"lazyload parallax-scroll\"\n                                loading=\"lazy\"\n                            \/>\n                                                            <\/picture>\n\t\t\t\t            <\/div>\n\t\t        <div class=\"mco-b5-content-block-content-section\">\n\t\t\t\n\t\t\t                <h3 class=\"mco-b5-content-block-heading mcc-b5-normal-title\">\n                    2009 &#8211; 2011                <\/h3 >\n\t\t\t\n\t\t\t                <div class=\"mco-b5-content-block-description\"><h4>Fusion de MSD et Schering-Plough<\/h4>\n<p>La filiale suisse Essex Chemie AG et MSD Suisse fusionnent en 2011 pour former MSD Merck Sharp &amp; Dohme AG.<br \/>\nL&#8217;ancien site d&#8217;Essex Chemie AG \u00e0 Lucerne devient le si\u00e8ge social de la nouvelle entreprise.<\/p>\n<\/div>\n\t\t\t\n                        <div class=\"mco-b5-content-block-content-buttons-container\">\n\t\t\t\t\t\t\t\t\t\t\t\t            <\/div>\n        <\/div>\n    <\/div>\n<\/div>\n<div class=\"mco-b5-content-block-modal popup\" style=\"display: none;\" role=\"dialog\" >\n    <div class=\"popup-wrapper\">\n        <div class=\"mco-b5-content-block-modal-content popup-content\">\n            <button class=\"mco-b5-content-block-modal-close popup-close\" >&times;<\/button>\n            <div class=\"mco-b5-content-block-modal-video\"><\/div>\n        <\/div>\n    <\/div>\n<\/div>\n\n\n<div id=\"mco-b5-content-block-block_34558ebb30889ae88556b8d634c0f956\"\n     class=\"mco-b5-content-block mccberg-block right\">\n    <div class=\"wrapper\">\n\t\t\t\t\t\t\t            <div class=\"mco-b5-content-block-image-section \">\n\t\t\t\t                <picture aria-label=\"Cellules canc\u00e9reuses\">\n                                                                        <source media=\"(max-width: 767px)\"\n                                    data-srcset=\"https:\/\/www.msd.ch\/fr\/wp-content\/uploads\/sites\/87\/2020\/10\/oncology.jpeg?resize=696,425\"\n                                    srcset=\"https:\/\/www.msd.ch\/fr\/wp-content\/uploads\/sites\/87\/2020\/10\/oncology.jpeg?resize=696,425\" \/>\n                                                                                                <source media=\"(min-width: 768px) and (max-width: 1199px)\"\n                                    data-srcset=\"https:\/\/www.msd.ch\/fr\/wp-content\/uploads\/sites\/87\/2020\/10\/oncology.jpeg?resize=384,468\"\n                                    srcset=\"https:\/\/www.msd.ch\/fr\/wp-content\/uploads\/sites\/87\/2020\/10\/oncology.jpeg?resize=384,468\" \/>\n                                                                                                <source media=\"(min-width: 1200px)\"\n                                    data-srcset=\"https:\/\/www.msd.ch\/fr\/wp-content\/uploads\/sites\/87\/2020\/10\/oncology.jpeg?resize=750,650\"\n                                    srcset=\"https:\/\/www.msd.ch\/fr\/wp-content\/uploads\/sites\/87\/2020\/10\/oncology.jpeg?resize=750,650\" \/>\n                                                                                                <source media=\"(min-width: 1600px)\"\n                                    data-srcset=\"https:\/\/www.msd.ch\/fr\/wp-content\/uploads\/sites\/87\/2020\/10\/oncology.jpeg?resize=850,744\"\n                                    srcset=\"https:\/\/www.msd.ch\/fr\/wp-content\/uploads\/sites\/87\/2020\/10\/oncology.jpeg?resize=850,744\" \/>\n                                                                                                <source media=\"(min-width: 1920px)\"\n                                    data-srcset=\"https:\/\/www.msd.ch\/fr\/wp-content\/uploads\/sites\/87\/2020\/10\/oncology.jpeg?resize=980,832\"\n                                    srcset=\"https:\/\/www.msd.ch\/fr\/wp-content\/uploads\/sites\/87\/2020\/10\/oncology.jpeg?resize=980,832\" \/>\n                                                                                                <img\n                                data-src=\"https:\/\/www.msd.ch\/fr\/wp-content\/uploads\/sites\/87\/2020\/10\/oncology.jpeg?resize=650,544\"\n                                alt=\"Cellules canc\u00e9reuses\"\n                                class=\"lazyload parallax-scroll\"\n                                loading=\"lazy\"\n                            \/>\n                                                            <\/picture>\n\t\t\t\t            <\/div>\n\t\t        <div class=\"mco-b5-content-block-content-section\">\n\t\t\t\n\t\t\t                <h3 class=\"mco-b5-content-block-heading mcc-b5-normal-title\">\n                    2015                <\/h3 >\n\t\t\t\n\t\t\t                <div class=\"mco-b5-content-block-description\"><h4>MSD effectue une perc\u00e9e dans le traitement du cancer<\/h4>\n<p>MSD obtient l&#8217;autorisation d&#8217;un agent anticanc\u00e9reux novateur dans le cadre d&#8217;une proc\u00e9dure acc\u00e9l\u00e9r\u00e9e. Il s&#8217;agit du premier traitement anti-PD-1 qui augmente la capacit\u00e9 du syst\u00e8me immunitaire naturel \u00e0 d\u00e9tecter et \u00e0 attaquer les cellules tumorales.<\/p>\n<\/div>\n\t\t\t\n                        <div class=\"mco-b5-content-block-content-buttons-container\">\n\t\t\t\t\t\t\t\t\t\t\t\t            <\/div>\n        <\/div>\n    <\/div>\n<\/div>\n<div class=\"mco-b5-content-block-modal popup\" style=\"display: none;\" role=\"dialog\" >\n    <div class=\"popup-wrapper\">\n        <div class=\"mco-b5-content-block-modal-content popup-content\">\n            <button class=\"mco-b5-content-block-modal-close popup-close\" >&times;<\/button>\n            <div class=\"mco-b5-content-block-modal-video\"><\/div>\n        <\/div>\n    <\/div>\n<\/div>\n\n\n<div id=\"mco-b5-content-block-block_0ebbf95d08836878e9c02811ab639bf8\"\n     class=\"mco-b5-content-block mccberg-block left\">\n    <div class=\"wrapper\">\n\t\t\t\t\t\t\t            <div class=\"mco-b5-content-block-image-section \">\n\t\t\t\t                <picture aria-label=\"Personnes en v\u00eatements de protection devant des tentes dans la zone Ebola\">\n                                                                        <source media=\"(max-width: 767px)\"\n                                    data-srcset=\"https:\/\/www.msd.ch\/fr\/wp-content\/uploads\/sites\/87\/2021\/06\/2019-Ebola-MSD-along-with-international-agencies-DSC08425.jpeg?resize=696,425\"\n                                    srcset=\"https:\/\/www.msd.ch\/fr\/wp-content\/uploads\/sites\/87\/2021\/06\/2019-Ebola-MSD-along-with-international-agencies-DSC08425.jpeg?resize=696,425\" \/>\n                                                                                                <source media=\"(min-width: 768px) and (max-width: 1199px)\"\n                                    data-srcset=\"https:\/\/www.msd.ch\/fr\/wp-content\/uploads\/sites\/87\/2021\/06\/2019-Ebola-MSD-along-with-international-agencies-DSC08425.jpeg?resize=384,468\"\n                                    srcset=\"https:\/\/www.msd.ch\/fr\/wp-content\/uploads\/sites\/87\/2021\/06\/2019-Ebola-MSD-along-with-international-agencies-DSC08425.jpeg?resize=384,468\" \/>\n                                                                                                <source media=\"(min-width: 1200px)\"\n                                    data-srcset=\"https:\/\/www.msd.ch\/fr\/wp-content\/uploads\/sites\/87\/2021\/06\/2019-Ebola-MSD-along-with-international-agencies-DSC08425.jpeg?resize=750,650\"\n                                    srcset=\"https:\/\/www.msd.ch\/fr\/wp-content\/uploads\/sites\/87\/2021\/06\/2019-Ebola-MSD-along-with-international-agencies-DSC08425.jpeg?resize=750,650\" \/>\n                                                                                                <source media=\"(min-width: 1600px)\"\n                                    data-srcset=\"https:\/\/www.msd.ch\/fr\/wp-content\/uploads\/sites\/87\/2021\/06\/2019-Ebola-MSD-along-with-international-agencies-DSC08425.jpeg?resize=850,744\"\n                                    srcset=\"https:\/\/www.msd.ch\/fr\/wp-content\/uploads\/sites\/87\/2021\/06\/2019-Ebola-MSD-along-with-international-agencies-DSC08425.jpeg?resize=850,744\" \/>\n                                                                                                <source media=\"(min-width: 1920px)\"\n                                    data-srcset=\"https:\/\/www.msd.ch\/fr\/wp-content\/uploads\/sites\/87\/2021\/06\/2019-Ebola-MSD-along-with-international-agencies-DSC08425.jpeg?resize=980,832\"\n                                    srcset=\"https:\/\/www.msd.ch\/fr\/wp-content\/uploads\/sites\/87\/2021\/06\/2019-Ebola-MSD-along-with-international-agencies-DSC08425.jpeg?resize=980,832\" \/>\n                                                                                                <img\n                                data-src=\"https:\/\/www.msd.ch\/fr\/wp-content\/uploads\/sites\/87\/2021\/06\/2019-Ebola-MSD-along-with-international-agencies-DSC08425.jpeg?resize=650,544\"\n                                alt=\"Personnes en v\u00eatements de protection devant des tentes dans la zone Ebola\"\n                                class=\"lazyload parallax-scroll\"\n                                loading=\"lazy\"\n                            \/>\n                                                            <\/picture>\n\t\t\t\t            <\/div>\n\t\t        <div class=\"mco-b5-content-block-content-section\">\n\t\t\t\n\t\t\t                <h3 class=\"mco-b5-content-block-heading mcc-b5-normal-title\">\n                    2021                <\/h3 >\n\t\t\t\n\t\t\t                <div class=\"mco-b5-content-block-description\"><h4>MSD&#8217;s Ebola vaccine receives approval<\/h4>\n<\/div>\n\t\t\t\n                        <div class=\"mco-b5-content-block-content-buttons-container\">\n\t\t\t\t\t\t\t\t\t\t\t\t            <\/div>\n        <\/div>\n    <\/div>\n<\/div>\n<div class=\"mco-b5-content-block-modal popup\" style=\"display: none;\" role=\"dialog\" >\n    <div class=\"popup-wrapper\">\n        <div class=\"mco-b5-content-block-modal-content popup-content\">\n            <button class=\"mco-b5-content-block-modal-close popup-close\" >&times;<\/button>\n            <div class=\"mco-b5-content-block-modal-video\"><\/div>\n        <\/div>\n    <\/div>\n<\/div>\n\n\n<div class=\"wp-block-image\">\n<figure class=\"aligncenter size-large is-resized\"><img loading=\"lazy\" decoding=\"async\" width=\"1286\" height=\"362\" src=\"https:\/\/www.msd.ch\/fr\/wp-content\/uploads\/sites\/87\/2025\/01\/Logo-60-Jahre-MSD-Schweiz-V06-RGB.jpg?w=1286\" alt=\"Logo 60 ans MSD Suisse\" class=\"wp-image-8116\" style=\"width:643px;height:181px\"\/><\/figure><\/div>\n\n\n<h2 class=\"wp-block-heading has-text-align-center\">MSD Suisse &#8211; qui nous sommes aujourd&#8217;hui<\/h2>\n\n\n\n<div id=\"mco-three-column-content-block-block_11c7d448800afcae14823aea741be9b8\"\n     class=\"mco-three-column-content-block mccberg-block mb-1\">\n\n\t\n    <div class=\"mco-three-column-content-columns-container\">\n\n                <div class=\"mco-three-column-content-column\"\n             role=\"link\" data-href=\"https:\/\/www.msd.ch\/fr\/home\/about-us\/\" data-target=\"_blank\" style=\"cursor: pointer;\" title=\"https:\/\/www.msd.ch\/fr\/home\/about-us\/\"        >\n                        <div class=\"mco-three-column-content-col-img-container\">\n            <div class=\"mco-three-column-content-col-img\">\n                <picture>\n                    <source media=\"(max-width: 767px)\"\n                            data-srcset=\"https:\/\/www.msd.ch\/fr\/wp-content\/uploads\/sites\/87\/2023\/06\/Scientists-RY-Fume-hood-1390-2048x1365px.jpeg?resize=767,469\">\n                    <source media=\"(min-width: 768px) and (max-width: 1199px)\"\n                            data-srcset=\"https:\/\/www.msd.ch\/fr\/wp-content\/uploads\/sites\/87\/2023\/06\/Scientists-RY-Fume-hood-1390-2048x1365px.jpeg?resize=314,280\">\n                    <source media=\"(min-width: 1200px)\"\n                            data-srcset=\"https:\/\/www.msd.ch\/fr\/wp-content\/uploads\/sites\/87\/2023\/06\/Scientists-RY-Fume-hood-1390-2048x1365px.jpeg?resize=404,268\">\n                    <img\n                        data-src=\"https:\/\/www.msd.ch\/fr\/wp-content\/uploads\/sites\/87\/2023\/06\/Scientists-RY-Fume-hood-1390-2048x1365px.jpeg?resize=404,268\"\n                        class=\"lazyload\"\n                        loading=\"lazy\"\n                        alt=\"Scientifique travaillant en laboratoire\"\n                            \/>\n                <\/picture>\n            <\/div>\n        <\/div>\n\n                            <div class=\"mco-three-column-content-col-content-container\">\n            \n                            <h3>Nous sommes synonymes de progr\u00e8s m\u00e9dical<\/h3>\n            \n                            <p class=\"mco-three-column-content-col-description\">Nous sommes leaders en mati\u00e8re d&#039;innovation dans le domaine de l&#039;immuno-oncologie et des vaccins.<\/p>\n            \n                            <div class=\"mco-three-column-content-col-wysiwyg\"><p>En savoir plus <a href=\"https:\/\/www.msd.ch\/fr\/home\/about-us\/areas-of-focus\/oncology\/\" target=\"_blank\" rel=\"noopener\">Oncologie<\/a>\u00a0\/ <a href=\"https:\/\/www.msd.ch\/fr\/home\/about-us\/areas-of-focus\/vaccines\/\" target=\"_blank\" rel=\"noopener\">Vaccins<\/a><\/p>\n<\/div>\n                    <\/div>\n                <\/div>\n    \n                <div class=\"mco-three-column-content-column\"\n                    >\n                        <div class=\"mco-three-column-content-col-img-container\">\n            <div class=\"mco-three-column-content-col-img\">\n                <picture>\n                    <source media=\"(max-width: 767px)\"\n                            data-srcset=\"https:\/\/www.msd.ch\/fr\/wp-content\/uploads\/sites\/87\/2024\/02\/AboutUs-MSD-Top-Employer-2024.jpg?resize=767,469\">\n                    <source media=\"(min-width: 768px) and (max-width: 1199px)\"\n                            data-srcset=\"https:\/\/www.msd.ch\/fr\/wp-content\/uploads\/sites\/87\/2024\/02\/AboutUs-MSD-Top-Employer-2024.jpg?resize=314,280\">\n                    <source media=\"(min-width: 1200px)\"\n                            data-srcset=\"https:\/\/www.msd.ch\/fr\/wp-content\/uploads\/sites\/87\/2024\/02\/AboutUs-MSD-Top-Employer-2024.jpg?resize=404,268\">\n                    <img\n                        data-src=\"https:\/\/www.msd.ch\/fr\/wp-content\/uploads\/sites\/87\/2024\/02\/AboutUs-MSD-Top-Employer-2024.jpg?resize=404,268\"\n                        class=\"lazyload\"\n                        loading=\"lazy\"\n                        alt=\"MSD Suisse distingu\u00e9 comme Top Employer pour la 12\u00e8me fois cons\u00e9cutive\"\n                            \/>\n                <\/picture>\n            <\/div>\n        <\/div>\n\n                            <div class=\"mco-three-column-content-col-content-container\">\n            \n                            <h3>Nous sommes un Top Employer<\/h3>\n            \n                            <p class=\"mco-three-column-content-col-description\">Pour la 13e fois cons\u00e9cutive, nous sommes un Top Employer pour nos 1 000 membres du personnel.<\/p>\n            \n                            <div class=\"mco-three-column-content-col-wysiwyg\"><p><a href=\"https:\/\/www.msd.ch\/en\/stories\/we-are-a-top-employer\/\" target=\"_blank\" rel=\"noopener\">Learn more<\/a><\/p>\n<\/div>\n                    <\/div>\n                <\/div>\n    \n                <div class=\"mco-three-column-content-column\"\n                    >\n                        <div class=\"mco-three-column-content-col-img-container\">\n            <div class=\"mco-three-column-content-col-img\">\n                <picture>\n                    <source media=\"(max-width: 767px)\"\n                            data-srcset=\"https:\/\/www.msd.ch\/fr\/wp-content\/uploads\/sites\/87\/2021\/07\/partner_title-e1626793083988.jpg?resize=767,469\">\n                    <source media=\"(min-width: 768px) and (max-width: 1199px)\"\n                            data-srcset=\"https:\/\/www.msd.ch\/fr\/wp-content\/uploads\/sites\/87\/2021\/07\/partner_title-e1626793083988.jpg?resize=314,280\">\n                    <source media=\"(min-width: 1200px)\"\n                            data-srcset=\"https:\/\/www.msd.ch\/fr\/wp-content\/uploads\/sites\/87\/2021\/07\/partner_title-e1626793083988.jpg?resize=404,268\">\n                    <img\n                        data-src=\"https:\/\/www.msd.ch\/fr\/wp-content\/uploads\/sites\/87\/2021\/07\/partner_title-e1626793083988.jpg?resize=404,268\"\n                        class=\"lazyload\"\n                        loading=\"lazy\"\n                        alt=\"Deux hommes se serrent la main\"\n                            \/>\n                <\/picture>\n            <\/div>\n        <\/div>\n\n                            <div class=\"mco-three-column-content-col-content-container\">\n            \n                            <h3>Nous sommes un partenaire de confiance<\/h3>\n            \n                            <p class=\"mco-three-column-content-col-description\">\u2026pas seulement lors des Trendtage Gesundheit Luzern et lors du \u00abLucerne City Run\u00bb.<\/p>\n            \n                            <div class=\"mco-three-column-content-col-wysiwyg\"><p><a href=\"https:\/\/www.msd.ch\/fr\/home\/about-us\/partner\/\" target=\"_blank\" rel=\"noopener\">En savoir plus<\/a><\/p>\n<\/div>\n                    <\/div>\n                <\/div>\n    \n\n    <\/div>\n<\/div>\n\n\n\n<div style=\"height:20px\" aria-hidden=\"true\" class=\"wp-block-spacer\"><\/div>\n\n\n\n<div id=\"mco-three-column-content-block-block_0c0d7cf41a2bee75d662bc443455412b\"\n     class=\"mco-three-column-content-block mccberg-block mt-1 mb-1-mobile\">\n\n\t\n    <div class=\"mco-three-column-content-columns-container\">\n\n                <div class=\"mco-three-column-content-column\"\n                    >\n                        <div class=\"mco-three-column-content-col-img-container\">\n            <div class=\"mco-three-column-content-col-img\">\n                <picture>\n                    <source media=\"(max-width: 767px)\"\n                            data-srcset=\"https:\/\/www.msd.ch\/fr\/wp-content\/uploads\/sites\/87\/2022\/12\/AdobeStock_423742700.jpeg?resize=767,469\">\n                    <source media=\"(min-width: 768px) and (max-width: 1199px)\"\n                            data-srcset=\"https:\/\/www.msd.ch\/fr\/wp-content\/uploads\/sites\/87\/2022\/12\/AdobeStock_423742700.jpeg?resize=314,280\">\n                    <source media=\"(min-width: 1200px)\"\n                            data-srcset=\"https:\/\/www.msd.ch\/fr\/wp-content\/uploads\/sites\/87\/2022\/12\/AdobeStock_423742700.jpeg?resize=404,268\">\n                    <img\n                        data-src=\"https:\/\/www.msd.ch\/fr\/wp-content\/uploads\/sites\/87\/2022\/12\/AdobeStock_423742700.jpeg?resize=404,268\"\n                        class=\"lazyload\"\n                        loading=\"lazy\"\n                        alt=\"m\u00e9decin et patiente discutant assis \u00e0 la table, gros plan\"\n                            \/>\n                <\/picture>\n            <\/div>\n        <\/div>\n\n                            <div class=\"mco-three-column-content-col-content-container\">\n            \n                            <h3>Nous faisons de la recherche clinique<\/h3>\n            \n                            <p class=\"mco-three-column-content-col-description\">Nous coordonnons une quarantaine d&#039;\u00e9tudes cliniques chaque ann\u00e9e en Suisse.<\/p>\n            \n                            <div class=\"mco-three-column-content-col-wysiwyg\"><p><a href=\"https:\/\/www.msd.ch\/fr\/home\/research\/clinical-trials\/\" target=\"_blank\" rel=\"noopener\">En savoir plus<\/a><\/p>\n<\/div>\n                    <\/div>\n                <\/div>\n    \n                <div class=\"mco-three-column-content-column\"\n                    >\n                        <div class=\"mco-three-column-content-col-img-container\">\n            <div class=\"mco-three-column-content-col-img\">\n                <picture>\n                    <source media=\"(max-width: 767px)\"\n                            data-srcset=\"https:\/\/www.msd.ch\/fr\/wp-content\/uploads\/sites\/87\/2025\/05\/Lucerne-City-Run.jpeg?resize=767,469\">\n                    <source media=\"(min-width: 768px) and (max-width: 1199px)\"\n                            data-srcset=\"https:\/\/www.msd.ch\/fr\/wp-content\/uploads\/sites\/87\/2025\/05\/Lucerne-City-Run.jpeg?resize=314,280\">\n                    <source media=\"(min-width: 1200px)\"\n                            data-srcset=\"https:\/\/www.msd.ch\/fr\/wp-content\/uploads\/sites\/87\/2025\/05\/Lucerne-City-Run.jpeg?resize=404,268\">\n                    <img\n                        data-src=\"https:\/\/www.msd.ch\/fr\/wp-content\/uploads\/sites\/87\/2025\/05\/Lucerne-City-Run.jpeg?resize=404,268\"\n                        class=\"lazyload\"\n                        loading=\"lazy\"\n                        alt=\"\"\n                            \/>\n                <\/picture>\n            <\/div>\n        <\/div>\n\n                            <div class=\"mco-three-column-content-col-content-container\">\n            \n                            <h3>Nous sommes responsables<\/h3>\n            \n                            <p class=\"mco-three-column-content-col-description\">De quelle mani\u00e8re? Par notre engagement social dans divers projets et initiatives.<\/p>\n            \n                            <div class=\"mco-three-column-content-col-wysiwyg\"><p><a href=\"https:\/\/www.msd.ch\/fr\/home\/about-us\/responsibility\/local-responsibility\/\" target=\"_blank\" rel=\"noopener\">En savoir plus<\/a><\/p>\n<\/div>\n                    <\/div>\n                <\/div>\n    \n                <div class=\"mco-three-column-content-column\"\n                    >\n                        <div class=\"mco-three-column-content-col-img-container\">\n            <div class=\"mco-three-column-content-col-img\">\n                <picture>\n                    <source media=\"(max-width: 767px)\"\n                            data-srcset=\"https:\/\/www.msd.ch\/fr\/wp-content\/uploads\/sites\/87\/2021\/07\/Our-employees-meeting-in-office_hi_300dpi-e1625836908643.jpg?resize=767,469\">\n                    <source media=\"(min-width: 768px) and (max-width: 1199px)\"\n                            data-srcset=\"https:\/\/www.msd.ch\/fr\/wp-content\/uploads\/sites\/87\/2021\/07\/Our-employees-meeting-in-office_hi_300dpi-e1625836908643.jpg?resize=314,280\">\n                    <source media=\"(min-width: 1200px)\"\n                            data-srcset=\"https:\/\/www.msd.ch\/fr\/wp-content\/uploads\/sites\/87\/2021\/07\/Our-employees-meeting-in-office_hi_300dpi-e1625836908643.jpg?resize=404,268\">\n                    <img\n                        data-src=\"https:\/\/www.msd.ch\/fr\/wp-content\/uploads\/sites\/87\/2021\/07\/Our-employees-meeting-in-office_hi_300dpi-e1625836908643.jpg?resize=404,268\"\n                        class=\"lazyload\"\n                        loading=\"lazy\"\n                        alt=\"Un homme assis sur la table, souriant lors d&#039;une r\u00e9union\"\n                            \/>\n                <\/picture>\n            <\/div>\n        <\/div>\n\n                            <div class=\"mco-three-column-content-col-content-container\">\n            \n                            <h3>Nous soutenons la diversit\u00e9 et l&#039;inclusion<\/h3>\n            \n                            <p class=\"mco-three-column-content-col-description\">Nos postes de direction sont occup\u00e9s \u00e0 50% par des femmes. La diversit\u00e9 est le terreau de notre r\u00e9ussite.<\/p>\n            \n                            <div class=\"mco-three-column-content-col-wysiwyg\"><p><a href=\"https:\/\/www.msd.ch\/fr\/stories\/msd-switzerland-awarded-with-the-swiss-lgbti-label\/\" target=\"_blank\" rel=\"noopener\">En savoir plus<\/a><\/p>\n<\/div>\n                    <\/div>\n                <\/div>\n    \n\n    <\/div>\n<\/div>\n\n\n\n<div class=\"wp-block-media-text alignwide is-stacked-on-mobile\"><figure class=\"wp-block-media-text__media\"><img loading=\"lazy\" decoding=\"async\" width=\"2000\" height=\"1500\" src=\"https:\/\/www.msd.ch\/fr\/wp-content\/uploads\/sites\/87\/2023\/06\/Roesslimatt-Luzern.png\" alt=\"R\u00f6sslimatt Lucerne \u00a9Anliker\" class=\"wp-image-6604 size-full\"\/><\/figure><div class=\"wp-block-media-text__content\">\n<h2 class=\"wp-block-heading\">D\u00e8s 2025, nous seront pr\u00e9sents dans le quartier du R\u00f6sslimatt \u00e0 Lucerne<\/h2>\n\n\n\n<p>Nous nous r\u00e9jouissons de r\u00e9unir trois des cinq filiales de MSD dans le quartier du R\u00f6sslimatt.<\/p>\n\n\n\n<p><a href=\"https:\/\/www.msd.ch\/fr\/news\/pose-de-la-premiere-pierre-au-quartier-du-rosslimatt\/\">Plus d&#8217;informations<\/a><\/p>\n<\/div><\/div>\n\n\n\n<div style=\"height:30px\" aria-hidden=\"true\" class=\"wp-block-spacer\"><\/div>\n\n\n<div id=\"mco-featured-banner-block-block_7eab81c6b77e1d93182c9799dcffa047\" class=\"mco-featured-banner-block full mccberg-block mb-2 negative\">\n\n\n            <div class=\"mco-featured-banner-image-container\">\n            <picture>\n                <source media=\"(max-width: 767px)\" data-srcset=\"https:\/\/www.msd.ch\/fr\/wp-content\/uploads\/sites\/87\/2021\/06\/Employees-RY-Meeting-0487-1-HI_70_high-1-1.jpg?resize=767,956\">\n                <source media=\"(min-width: 768px) and (max-width: 1199px)\" data-srcset=\"https:\/\/www.msd.ch\/fr\/wp-content\/uploads\/sites\/87\/2021\/06\/Employees-RY-Meeting-0487-1-HI_70_high-1-1.jpg?resize=768,448\">\n                <source media=\"(min-width: 1200px)\" data-srcset=\"https:\/\/www.msd.ch\/fr\/wp-content\/uploads\/sites\/87\/2021\/06\/Employees-RY-Meeting-0487-1-HI_70_high-1-1.jpg?w=1600\">\n                <img data-src=\"https:\/\/www.msd.ch\/fr\/wp-content\/uploads\/sites\/87\/2021\/06\/Employees-RY-Meeting-0487-1-HI_70_high-1-1.jpg?w=1600\" alt=\"Featured banner image\" class=\"lazyload\" loading=\"lazy\" \/>\n            <\/picture>\n        <\/div>\n    \n\n    <div class=\"mco-featured-banner-content-container\">\n        <div class=\"mco-featured-banner-content-card\">\n            \n                            <h3>\u00cates-vous pr\u00eat \u00e0 entamer une carri\u00e8re chez MSD?<\/h3>\n            \n                            <div><p>Souhaitez-vous nous aider \u00e0 d\u00e9velopper sans rel\u00e2che nos m\u00e9dicaments et solutions de sant\u00e9, \u00e0 am\u00e9liorer continuellement la prise en charge m\u00e9dicale et \u00e0 inspirer de nouvelles g\u00e9n\u00e9rations?<\/p>\n<p>Rejoignez notre \u00e9quipe!<\/p>\n<\/div>\n            \n            <div class=\"mco-featured-banner-btn-container\">\n                                    <a class=\"btn\"\n                       href=\"https:\/\/jobs.msd.com\/switzerland\"\n                       title=\"Vers le portail des emplois de MSD\"\n                       target=\"_blank\"\n                                           >Vers le portail des emplois de MSD<\/a>\n                \n                            <\/div>\n        <\/div>\n    <\/div>\n<\/div>\n\n\n\n<p><sup>CH-NON-02244, 05\/2025<\/sup><\/p>\n","protected":false},"excerpt":{"rendered":"<p>Nos jalons en Suisse MSD Suisse &#8211; qui nous sommes aujourd&#8217;hui D\u00e8s 2025, nous seront pr\u00e9sents dans le quartier du R\u00f6sslimatt \u00e0 Lucerne Nous nous r\u00e9jouissons de r\u00e9unir trois des cinq filiales de MSD dans le quartier du R\u00f6sslimatt. Plus d&#8217;informations CH-NON-02244, 05\/2025<\/p>\n","protected":false},"author":282,"featured_media":6522,"parent":0,"menu_order":0,"comment_status":"closed","ping_status":"closed","template":"","meta":{"_acf_changed":false,"bdl_company_name":[],"bdl_item_external_link":[],"editor_notices":[],"footnotes":""},"class_list":["post-6519","page","type-page","status-publish","has-post-thumbnail","hentry"],"yoast_head":"<!-- This site is optimized with the Yoast SEO plugin v21.9.1 - https:\/\/yoast.com\/wordpress\/plugins\/seo\/ -->\n<title>Les 60\u00a0ans de MSD Suisse - msd.ch<\/title>\n<meta name=\"description\" content=\"L&#039;histoire de notre r\u00e9ussite est marqu\u00e9e par des \u00e9tapes importantes. Nous vous emmenons avec nous dans le pass\u00e9 et dans l&#039;avenir.\" \/>\n<meta name=\"robots\" content=\"index, follow, max-snippet:-1, max-image-preview:large, max-video-preview:-1\" \/>\n<link rel=\"canonical\" href=\"https:\/\/www.msd.ch\/fr\/60-years-of-msd-switzerland\/\" \/>\n<meta property=\"og:locale\" content=\"en_US\" \/>\n<meta property=\"og:type\" content=\"article\" \/>\n<meta property=\"og:title\" content=\"60 ans de MSD Suisse\" \/>\n<meta property=\"og:description\" content=\"L&#039;histoire de notre succ\u00e8s a commenc\u00e9 avec une succursale \u00e0 Zurich en 1963. D\u00e9couvrez comment tout a commenc\u00e9 et qui nous sommes aujourd&#039;hui.\" \/>\n<meta property=\"og:url\" content=\"https:\/\/www.msd.ch\/fr\/60-years-of-msd-switzerland\/\" \/>\n<meta property=\"og:site_name\" content=\"msd.ch\" \/>\n<meta property=\"article:modified_time\" content=\"2026-03-10T09:56:12+00:00\" \/>\n<meta property=\"og:image\" content=\"https:\/\/www.msd.ch\/fr\/wp-content\/uploads\/sites\/87\/2023\/06\/Change-Sign-after-merger-1956-e1684858228834.jpg\" \/>\n\t<meta property=\"og:image:width\" content=\"1024\" \/>\n\t<meta property=\"og:image:height\" content=\"1020\" \/>\n\t<meta property=\"og:image:type\" content=\"image\/jpeg\" \/>\n<meta name=\"twitter:card\" content=\"summary_large_image\" \/>\n<meta name=\"twitter:label1\" content=\"Est. reading time\" \/>\n\t<meta name=\"twitter:data1\" content=\"1 minute\" \/>\n<script type=\"application\/ld+json\" class=\"yoast-schema-graph\">{\"@context\":\"https:\/\/schema.org\",\"@graph\":[{\"@type\":\"WebPage\",\"@id\":\"https:\/\/www.msd.ch\/fr\/60-years-of-msd-switzerland\/\",\"url\":\"https:\/\/www.msd.ch\/fr\/60-years-of-msd-switzerland\/\",\"name\":\"Les 60\u00a0ans de MSD Suisse - msd.ch\",\"isPartOf\":{\"@id\":\"https:\/\/www.msd.ch\/fr\/#website\"},\"datePublished\":\"2023-06-01T14:56:53+00:00\",\"dateModified\":\"2026-03-10T09:56:12+00:00\",\"description\":\"L'histoire de notre r\u00e9ussite est marqu\u00e9e par des \u00e9tapes importantes. Nous vous emmenons avec nous dans le pass\u00e9 et dans l'avenir.\",\"inLanguage\":\"en-US\",\"potentialAction\":[{\"@type\":\"ReadAction\",\"target\":[\"https:\/\/www.msd.ch\/fr\/60-years-of-msd-switzerland\/\"]}]},{\"@type\":\"WebSite\",\"@id\":\"https:\/\/www.msd.ch\/fr\/#website\",\"url\":\"https:\/\/www.msd.ch\/fr\/\",\"name\":\"msd.ch\",\"description\":\"MSD recherche et d\u00e9veloppe des m\u00e9dicaments et des vaccins pour sauver des vies et am\u00e9liorer la sant\u00e9 des patients. En Suisse, 1000 employ\u00e9s \u00e0 Lucerne et \u00e0 Zurich s&#039;engagent dans ce sens.\",\"potentialAction\":[{\"@type\":\"SearchAction\",\"target\":{\"@type\":\"EntryPoint\",\"urlTemplate\":\"https:\/\/www.msd.ch\/fr\/?s={search_term_string}\"},\"query-input\":\"required name=search_term_string\"}],\"inLanguage\":\"en-US\"}]}<\/script>\n<!-- \/ Yoast SEO plugin. -->","yoast_head_json":{"title":"Les 60\u00a0ans de MSD Suisse - msd.ch","description":"L'histoire de notre r\u00e9ussite est marqu\u00e9e par des \u00e9tapes importantes. Nous vous emmenons avec nous dans le pass\u00e9 et dans l'avenir.","robots":{"index":"index","follow":"follow","max-snippet":"max-snippet:-1","max-image-preview":"max-image-preview:large","max-video-preview":"max-video-preview:-1"},"canonical":"https:\/\/www.msd.ch\/fr\/60-years-of-msd-switzerland\/","og_locale":"en_US","og_type":"article","og_title":"60 ans de MSD Suisse","og_description":"L'histoire de notre succ\u00e8s a commenc\u00e9 avec une succursale \u00e0 Zurich en 1963. D\u00e9couvrez comment tout a commenc\u00e9 et qui nous sommes aujourd'hui.","og_url":"https:\/\/www.msd.ch\/fr\/60-years-of-msd-switzerland\/","og_site_name":"msd.ch","article_modified_time":"2026-03-10T09:56:12+00:00","og_image":[{"width":1024,"height":1020,"url":"https:\/\/www.msd.ch\/fr\/wp-content\/uploads\/sites\/87\/2023\/06\/Change-Sign-after-merger-1956-e1684858228834.jpg","type":"image\/jpeg"}],"twitter_card":"summary_large_image","twitter_misc":{"Est. reading time":"1 minute"},"schema":{"@context":"https:\/\/schema.org","@graph":[{"@type":"WebPage","@id":"https:\/\/www.msd.ch\/fr\/60-years-of-msd-switzerland\/","url":"https:\/\/www.msd.ch\/fr\/60-years-of-msd-switzerland\/","name":"Les 60\u00a0ans de MSD Suisse - msd.ch","isPartOf":{"@id":"https:\/\/www.msd.ch\/fr\/#website"},"datePublished":"2023-06-01T14:56:53+00:00","dateModified":"2026-03-10T09:56:12+00:00","description":"L'histoire de notre r\u00e9ussite est marqu\u00e9e par des \u00e9tapes importantes. Nous vous emmenons avec nous dans le pass\u00e9 et dans l'avenir.","inLanguage":"en-US","potentialAction":[{"@type":"ReadAction","target":["https:\/\/www.msd.ch\/fr\/60-years-of-msd-switzerland\/"]}]},{"@type":"WebSite","@id":"https:\/\/www.msd.ch\/fr\/#website","url":"https:\/\/www.msd.ch\/fr\/","name":"msd.ch","description":"MSD recherche et d\u00e9veloppe des m\u00e9dicaments et des vaccins pour sauver des vies et am\u00e9liorer la sant\u00e9 des patients. En Suisse, 1000 employ\u00e9s \u00e0 Lucerne et \u00e0 Zurich s&#039;engagent dans ce sens.","potentialAction":[{"@type":"SearchAction","target":{"@type":"EntryPoint","urlTemplate":"https:\/\/www.msd.ch\/fr\/?s={search_term_string}"},"query-input":"required name=search_term_string"}],"inLanguage":"en-US"}]}},"acf":[],"_links":{"self":[{"href":"https:\/\/www.msd.ch\/fr\/wp-json\/wp\/v2\/pages\/6519","targetHints":{"allow":["GET"]}}],"collection":[{"href":"https:\/\/www.msd.ch\/fr\/wp-json\/wp\/v2\/pages"}],"about":[{"href":"https:\/\/www.msd.ch\/fr\/wp-json\/wp\/v2\/types\/page"}],"author":[{"embeddable":true,"href":"https:\/\/www.msd.ch\/fr\/wp-json\/wp\/v2\/users\/282"}],"replies":[{"embeddable":true,"href":"https:\/\/www.msd.ch\/fr\/wp-json\/wp\/v2\/comments?post=6519"}],"version-history":[{"count":59,"href":"https:\/\/www.msd.ch\/fr\/wp-json\/wp\/v2\/pages\/6519\/revisions"}],"predecessor-version":[{"id":9074,"href":"https:\/\/www.msd.ch\/fr\/wp-json\/wp\/v2\/pages\/6519\/revisions\/9074"}],"wp:featuredmedia":[{"embeddable":true,"href":"https:\/\/www.msd.ch\/fr\/wp-json\/wp\/v2\/media\/6522"}],"wp:attachment":[{"href":"https:\/\/www.msd.ch\/fr\/wp-json\/wp\/v2\/media?parent=6519"}],"curies":[{"name":"wp","href":"https:\/\/api.w.org\/{rel}","templated":true}]}}